{"id":4663,"date":"2015-09-16T17:14:22","date_gmt":"2015-09-16T15:14:22","guid":{"rendered":"http:\/\/www.cafelapalma.com\/?page_id=4663"},"modified":"2021-02-26T20:18:15","modified_gmt":"2021-02-26T19:18:15","slug":"aviso-legal-y-politica-de-privacidad","status":"publish","type":"page","link":"https:\/\/www.cafelapalma.com\/en\/aviso-legal-y-politica-de-privacidad\/","title":{"rendered":"[:es]Aviso Legal y Pol\u00edtica de Privacidad[:en]Legal Note &#038; our Privacy Policy[:]"},"content":{"rendered":"\n<p class=\"wp-block-paragraph\">[:es]<\/p>\n\n\n\n<div><strong>AVISO LEGAL<\/strong><\/div>\n\n\n\n<p class=\"wp-block-paragraph\">En cumplimiento con el deber de informaci\u00f3n recogido en el Reglamento General de Protecci\u00f3n de Datos (RGPD) y el art\u00edculo 10 de la Ley 34\/2002, de 11 de julio, de Servicios de la Sociedad de la Informaci\u00f3n y del Comercio Electr\u00f3nico, a continuaci\u00f3n se hace constar:<\/p>\n\n\n\n<p class=\"wp-block-paragraph\"><strong>Datos identificativos:<\/strong>\u00a0El titular del\/los dominio\/s web y responsable de los datos de los usuarios es Caf\u00e9 La Palma SL (en adelante\u00a0<a rel=\"noopener\" data-saferedirecturl=\"https:\/\/www.google.com\/url?hl=es&amp;q=http:\/\/cafelapalma.com&amp;source=gmail&amp;ust=1527274300169000&amp;usg=AFQjCNGIc5ctN-HREIStyRYD26y0qGHXnA\" href=\"http:\/\/cafelapalma.com\/\" target=\"_blank\">cafelapalma.com<\/a>), con direcci\u00f3n en La\u00a0<a href=\"https:\/\/maps.google.com\/?q=Palma,+62.+28015.+madrid&amp;entry=gmail&amp;source=g\">Palma, 62. 28015. madrid<\/a>, con N.I.F.: B82648445. Correo electr\u00f3nico de contacto:\u00a0<em>cafelapalma (a) cafelapalma . com<\/em><\/p>\n\n\n\n<p class=\"wp-block-paragraph\"><strong>Usuarios:<\/strong>&nbsp;El acceso y\/o uso de este sitio web de&nbsp;<a href=\"http:\/\/cafelapalma.com\/\" target=\"_blank\" rel=\"noopener\" data-saferedirecturl=\"https:\/\/www.google.com\/url?hl=es&amp;q=http:\/\/cafelapalma.com&amp;source=gmail&amp;ust=1527274300169000&amp;usg=AFQjCNGIc5ctN-HREIStyRYD26y0qGHXnA\">cafelapalma.com<\/a>&nbsp;atribuye la condici\u00f3n de USUARIO, que acepta, desde dicho acceso y\/o uso,&nbsp;los presentes t\u00e9rminos de uso.<\/p>\n\n\n\n<p class=\"wp-block-paragraph\"><strong>Uso del sitio web:<\/strong>&nbsp;<a href=\"http:\/\/www.cafelapalma.com\/\" target=\"_blank\" rel=\"noopener\" data-saferedirecturl=\"https:\/\/www.google.com\/url?hl=es&amp;q=http:\/\/www.cafelapalma.com&amp;source=gmail&amp;ust=1527274300169000&amp;usg=AFQjCNH3xWdidQnuE0WduUIoRRQyildVow\">www.cafelapalma.com<\/a>&nbsp;proporciona el acceso a art\u00edculos, informaciones y datos (en adelante, \u201clos contenidos\u201d) propiedad de&nbsp;<a href=\"http:\/\/cafelapalma.com\/\" target=\"_blank\" rel=\"noopener\" data-saferedirecturl=\"https:\/\/www.google.com\/url?hl=es&amp;q=http:\/\/cafelapalma.com&amp;source=gmail&amp;ust=1527274300169000&amp;usg=AFQjCNGIc5ctN-HREIStyRYD26y0qGHXnA\">cafelapalma.com<\/a>. El USUARIO asume la responsabilidad del uso de la web.<br>El USUARIO se compromete a hacer un uso adecuado de los contenidos que&nbsp;<a href=\"http:\/\/cafelapalma.com\/\" target=\"_blank\" rel=\"noopener\" data-saferedirecturl=\"https:\/\/www.google.com\/url?hl=es&amp;q=http:\/\/cafelapalma.com&amp;source=gmail&amp;ust=1527274300169000&amp;usg=AFQjCNGIc5ctN-HREIStyRYD26y0qGHXnA\">cafelapalma.com<\/a>&nbsp;ofrece a trav\u00e9s de su web y con car\u00e1cter enunciativo pero no limitativo, a no emplearlos para:<br>(i) incurrir en actividades il\u00edcitas, ilegales o contrarias a la buena fe y al orden p\u00fablico; (ii) difundir contenidos o propaganda de car\u00e1cter racista, xen\u00f3fobo, pornogr\u00e1fico-ilegal, de apolog\u00eda del terrorismo o atentatorio contra los derechos humanos; (iii) provocar da\u00f1os en los sistemas f\u00edsicos y l\u00f3gicos de&nbsp;<a href=\"http:\/\/cafelapalma.com\/\" target=\"_blank\" rel=\"noopener\" data-saferedirecturl=\"https:\/\/www.google.com\/url?hl=es&amp;q=http:\/\/cafelapalma.com&amp;source=gmail&amp;ust=1527274300169000&amp;usg=AFQjCNGIc5ctN-HREIStyRYD26y0qGHXnA\">cafelapalma.com<\/a>&nbsp; de sus proveedores o de terceras personas, introducir o difundir en la red virus inform\u00e1ticos o cualesquiera otros sistemas f\u00edsicos o l\u00f3gicos que sean susceptibles de provocar los da\u00f1os anteriormente mencionados; (iv) intentar acceder y, en su caso, utilizar las cuentas de correo electr\u00f3nico de otros usuarios y modificar o manipular sus mensajes.<br><a href=\"http:\/\/cafelapalma.com\/\" target=\"_blank\" rel=\"noopener\" data-saferedirecturl=\"https:\/\/www.google.com\/url?hl=es&amp;q=http:\/\/cafelapalma.com&amp;source=gmail&amp;ust=1527274300169000&amp;usg=AFQjCNGIc5ctN-HREIStyRYD26y0qGHXnA\">cafelapalma.com<\/a>&nbsp;se reserva el derecho de retirar todos aquellos comentarios y aportaciones que vulneren el respeto a la dignidad de la persona, que sean discriminatorios, xen\u00f3fobos, racistas, pornogr\u00e1ficos, que atenten contra la juventud o la infancia, el orden o la seguridad p\u00fablica o que, a su juicio, no resultaran adecuados para su publicaci\u00f3n.<br>En cualquier caso,&nbsp;<a href=\"http:\/\/cafelapalma.com\/\" target=\"_blank\" rel=\"noopener\" data-saferedirecturl=\"https:\/\/www.google.com\/url?hl=es&amp;q=http:\/\/cafelapalma.com&amp;source=gmail&amp;ust=1527274300169000&amp;usg=AFQjCNGIc5ctN-HREIStyRYD26y0qGHXnA\">cafelapalma.com<\/a>&nbsp;no ser\u00e1 responsable de las opiniones vertidas por los usuarios a trav\u00e9s del blog u otras herramientas de participaci\u00f3n que puedan crearse, conforme a lo previsto en la normativa de aplicaci\u00f3n.<\/p>\n\n\n\n<div>&nbsp;<\/div>\n\n\n\n<p class=\"wp-block-paragraph\"><strong>POL\u00cdTICA DE PRIVACIDAD. PROTECCI\u00d3N DE DATOS<\/strong><\/p>\n\n\n\n<p class=\"wp-block-paragraph\"><strong>Finalidad de los datos recabados<\/strong><br>Se informa al USUARIO que, mediante los formularios de registro de la web, se recaban datos, que se almacenan en un fichero, con la exclusiva finalidad de env\u00edo de comunicaciones electr\u00f3nicas, tales como: boletines (newsletters), nuevas entradas (posts), as\u00ed como otras comunicaciones que&nbsp;<a href=\"http:\/\/cafelapalma.com\/\" target=\"_blank\" rel=\"noopener\" data-saferedirecturl=\"https:\/\/www.google.com\/url?hl=es&amp;q=http:\/\/cafelapalma.com&amp;source=gmail&amp;ust=1527274300169000&amp;usg=AFQjCNGIc5ctN-HREIStyRYD26y0qGHXnA\">cafelapalma.com<\/a>&nbsp;entiende interesantes para sus USUARIOS. Los campos marcados como de cumplimentaci\u00f3n obligatoria, son imprescindibles para realizar la finalidad expresada.<br>Los datos de contacto de los USUARIOS tambi\u00e9n habr\u00e1n podido ser recogidos de fuentes de acceso al p\u00fablico, tales como gu\u00edas telef\u00f3nicas, gu\u00edas del espect\u00e1culo, gu\u00edas de profesionales, etc.<br>\u00danicamente el titular tendr\u00e1 acceso a sus datos, y bajo ning\u00fan concepto, estos datos ser\u00e1n cedidos, compartidos, transferidos, ni vendidos a ning\u00fan tercero.<\/p>\n\n\n\n<p class=\"wp-block-paragraph\">La aceptaci\u00f3n de la pol\u00edtica de privacidad&nbsp;&nbsp;se entender\u00e1 a todos los efectos como la prestaci\u00f3n de CONSENTIMIENTO EXPRESO E INEQU\u00cdVOCO del USUARIO al tratamiento de los datos de car\u00e1cter personal en los t\u00e9rminos que se exponen en el presente documento, as\u00ed como a la transferencia internacional de datos que se produce, exclusivamente debido a la ubicaci\u00f3n f\u00edsica de las instalaciones de los proveedores de servicios y encargados del tratamiento de datos.<\/p>\n\n\n\n<p class=\"wp-block-paragraph\"><strong>Cumplimiento de la normativa de aplicaci\u00f3n<\/strong><br>Le informamos que los datos suministrados, as\u00ed como aquellos datos derivados de su navegaci\u00f3n, podr\u00e1n ser almacenados en los ficheros de&nbsp;<a href=\"http:\/\/cafelapalma.com\/\" target=\"_blank\" rel=\"noopener\" data-saferedirecturl=\"https:\/\/www.google.com\/url?hl=es&amp;q=http:\/\/cafelapalma.com&amp;source=gmail&amp;ust=1527274300169000&amp;usg=AFQjCNGIc5ctN-HREIStyRYD26y0qGHXnA\">cafelapalma.com<\/a>&nbsp;y tratados para la finalidad de atender su solicitud y el mantenimiento de la relaci\u00f3n que se establezca en los formularios que suscriba.<br>Adicionalmente, el USUARIO consiente el tratamiento de sus datos con la finalidad de informarles, por cualquier medio, incluido el correo electr\u00f3nico, de productos y servicios de&nbsp;<a href=\"http:\/\/cafelapalma.com\/\" target=\"_blank\" rel=\"noopener\" data-saferedirecturl=\"https:\/\/www.google.com\/url?hl=es&amp;q=http:\/\/cafelapalma.com&amp;source=gmail&amp;ust=1527274300169000&amp;usg=AFQjCNGIc5ctN-HREIStyRYD26y0qGHXnA\">cafelapalma.com<\/a><br>En caso de no autorizar el tratamiento de sus datos con la finalidad se\u00f1alada anteriormente, el USUARIO podr\u00e1 ejercer su derecho de oposici\u00f3n al tratamiento de sus datos en los t\u00e9rminos y condiciones previstos m\u00e1s adelante en el apartado \u201cEjercicio de Derechos ARCO\u201d.<\/p>\n\n\n\n<p class=\"wp-block-paragraph\"><strong>Medidas de Seguridad<\/strong><br><a href=\"http:\/\/cafelapalma.com\/\" target=\"_blank\" rel=\"noopener\" data-saferedirecturl=\"https:\/\/www.google.com\/url?hl=es&amp;q=http:\/\/Cafelapalma.com&amp;source=gmail&amp;ust=1527274300169000&amp;usg=AFQjCNF67Zz4DtYQztK8_GRHJk8_3HNf3Q\">Cafelapalma.com<\/a>&nbsp;informa que tiene implantadas las medidas de seguridad de \u00edndole t\u00e9cnica y organizativas necesarias para garantizar la seguridad de sus datos de car\u00e1cter personal y evitar su alteraci\u00f3n, p\u00e9rdida y tratamiento y\/o acceso no autorizado, habida cuenta del estado de la tecnolog\u00eda, la naturaleza de los datos almacenados y los riesgos a que est\u00e1n expuestos, ya provengan de la acci\u00f3n humana o del medio f\u00edsico o natural. Todo ello de conformidad con lo previsto en el Art. 9 de la LOPD y el T\u00edtulo VIII del RLOPD.<br>Asimismo,&nbsp;<a href=\"http:\/\/cafelapalma.com\/\" target=\"_blank\" rel=\"noopener\" data-saferedirecturl=\"https:\/\/www.google.com\/url?hl=es&amp;q=http:\/\/cafelapalma.com&amp;source=gmail&amp;ust=1527274300169000&amp;usg=AFQjCNGIc5ctN-HREIStyRYD26y0qGHXnA\">cafelapalma.com<\/a>&nbsp;ha establecido medidas adicionales en orden a reforzar la confidencialidad e integridad de la informaci\u00f3n en su organizaci\u00f3n. Manteniendo continuamente la supervisi\u00f3n, control y evaluaci\u00f3n de los procesos para asegurar el respeto a la privacidad de los datos.<\/p>\n\n\n\n<p class=\"wp-block-paragraph\"><strong>Ejercicio de Derechos ARCO: Acceso, Rectificaci\u00f3n, Cancelaci\u00f3n y Oposici\u00f3n<\/strong><br>Los usuarios podr\u00e1n dirigirse a\u00a0<a rel=\"noopener\" data-saferedirecturl=\"https:\/\/www.google.com\/url?hl=es&amp;q=http:\/\/cafelapalma.com&amp;source=gmail&amp;ust=1527274300169000&amp;usg=AFQjCNGIc5ctN-HREIStyRYD26y0qGHXnA\" href=\"http:\/\/cafelapalma.com\/\" target=\"_blank\">cafelapalma.com<\/a>\u00a0con el fin de poder ejercitar gratuitamente sus derechos de acceso, rectificaci\u00f3n, cancelaci\u00f3n y oposici\u00f3n respecto de los datos incorporados en sus ficheros.<br>El interesado podr\u00e1 ejercitar sus derechos mediante comunicaci\u00f3n por email dirigida a\u00a0<em>cafelapalma (a) cafelapalma . com<\/em>\u00a0con la referencia \u201cProtecci\u00f3n de datos\/<a rel=\"noopener\" data-saferedirecturl=\"https:\/\/www.google.com\/url?hl=es&amp;q=http:\/\/cafelapalma.com&amp;source=gmail&amp;ust=1527274300169000&amp;usg=AFQjCNGIc5ctN-HREIStyRYD26y0qGHXnA\" href=\"http:\/\/cafelapalma.com\/\" target=\"_blank\">cafelapalma.com<\/a>\u00a0, especificando sus datos, acreditando su identidad y los motivos de su solicitud.<\/p>\n\n\n\n<p class=\"wp-block-paragraph\"><strong>Links<\/strong><br>Como un servicio a nuestros visitantes, nuestro sitio web puede incluir hiperv\u00ednculos a otros sitios que no son operados o controlados por&nbsp;<a href=\"http:\/\/cafelapalma.com\/\" target=\"_blank\" rel=\"noopener\" data-saferedirecturl=\"https:\/\/www.google.com\/url?hl=es&amp;q=http:\/\/cafelapalma.com&amp;source=gmail&amp;ust=1527274300169000&amp;usg=AFQjCNGIc5ctN-HREIStyRYD26y0qGHXnA\">cafelapalma.com<\/a>. &nbsp;Por ello&nbsp;<a href=\"http:\/\/cafelapalma.com\/\" target=\"_blank\" rel=\"noopener\" data-saferedirecturl=\"https:\/\/www.google.com\/url?hl=es&amp;q=http:\/\/cafelapalma.com&amp;source=gmail&amp;ust=1527274300169000&amp;usg=AFQjCNGIc5ctN-HREIStyRYD26y0qGHXnA\">cafelapalma.com<\/a>&nbsp;no garantiza, ni se hace responsable de la licitud, fiabilidad, utilidad, veracidad y actualidad de los contenidos de tales sitios web o de sus pr\u00e1cticas de privacidad. Por favor, antes de proporcionar su informaci\u00f3n personal a estos sitios web ajenos a&nbsp;<a href=\"http:\/\/cafelapalma.com\/\" target=\"_blank\" rel=\"noopener\" data-saferedirecturl=\"https:\/\/www.google.com\/url?hl=es&amp;q=http:\/\/cafelapalma.com&amp;source=gmail&amp;ust=1527274300169000&amp;usg=AFQjCNGIc5ctN-HREIStyRYD26y0qGHXnA\">cafelapalma.com<\/a>, &nbsp;tenga en cuenta que sus pr\u00e1cticas de privacidad pueden diferir de las nuestras.<\/p>\n\n\n\n<p class=\"wp-block-paragraph\"><strong>Pol\u00edtica de \u201cCookies\u201d<\/strong><br>Una cookie es un archivo de informaci\u00f3n que el servidor de este sitio web env\u00eda al dispositivo (ordenador, smartphone, tablet, etc.) de quien accede a la p\u00e1gina para almacenar y recuperar informaci\u00f3n sobre la navegaci\u00f3n que se efect\u00faa desde dicho equipo.<br><a href=\"http:\/\/cafelapalma.com\/\" target=\"_blank\" rel=\"noopener\" data-saferedirecturl=\"https:\/\/www.google.com\/url?hl=es&amp;q=http:\/\/cafelapalma.com&amp;source=gmail&amp;ust=1527274300169000&amp;usg=AFQjCNGIc5ctN-HREIStyRYD26y0qGHXnA\">cafelapalma.com<\/a>&nbsp;utiliza diversos tipos de cookies (t\u00e9cnicas, anal\u00edticas y sociales) \u00fanicamente con la finalidad de mejorar la navegaci\u00f3n del usuario en el sitio web, sin ning\u00fan tipo de objeto publicitario o similar, para el an\u00e1lisis y elaboraci\u00f3n de estad\u00edsticas de la navegaci\u00f3n que el USUARIO realiza en el sitio web, a\u00ed como para compartir los contenidos en redes sociales (Google+, Twitter, Linkedin, Disqus)<\/p>\n\n\n\n<p class=\"wp-block-paragraph\"><strong>Menores de edad<\/strong><br>La web de&nbsp;<a href=\"http:\/\/cafelapalma.com\/\" target=\"_blank\" rel=\"noopener\" data-saferedirecturl=\"https:\/\/www.google.com\/url?hl=es&amp;q=http:\/\/cafelapalma.com&amp;source=gmail&amp;ust=1527274300169000&amp;usg=AFQjCNGIc5ctN-HREIStyRYD26y0qGHXnA\">cafelapalma.com<\/a>&nbsp;no se dirige a menores de edad. El titular de la web&nbsp;declina cualquier responsabilidad por el incumplimiento de este requisito.<\/p>\n\n\n\n<div>\n<div><b>Caf\u00e9 La Palma<\/b><\/div>\n<div><a href=\"https:\/\/maps.google.com\/?q=Calle+La+Palma,+62.+28015.+Madrid&amp;entry=gmail&amp;source=g\">Calle La Palma, 62. 28015. Madrid<\/a>.<\/div>\n<div><b>Tel 91 522 5031<\/b><\/div>\n<div><a href=\"http:\/\/www.cafelapalma.com\/\" target=\"_blank\" rel=\"noopener\" data-saferedirecturl=\"https:\/\/www.google.com\/url?hl=es&amp;q=http:\/\/www.cafelapalma.com\/&amp;source=gmail&amp;ust=1527274300169000&amp;usg=AFQjCNEqCi6kwWGV5isWf9-k7gNnq-_oCA\">http:\/\/www.cafelapalma.com<\/a><\/div>\n<div><i><span style=\"color: #0433ff;\"><a href=\"mailto:cafelapalma@cafelapalma.com\" target=\"_blank\" rel=\"noopener\">cafelapalma@cafelapalma.com<\/a><\/span><\/i><\/div>\n<\/div>\n\n\n\n<p class=\"wp-block-paragraph\">[:en]<\/p>\n\n\n\n<p class=\"wp-block-paragraph\">According to LOPD (Organic Law about Personal Data Protection), we inform you that your personal data comes from data files property of CAF\u00c9 LA PALMA S.L., with the purpose os maintaining and observance of the user-provider relationship, including the delivery of informative newsletters. According to LOPD, you can exercise your ARCO rights before CAF\u00c9 LA PALMA, S.L., in CALLE DE LA PALMA 62, 28010 (MADRID), with a copy of tour identity document.<\/p>\n\n\n\n<p class=\"wp-block-paragraph\">[:]<\/p>\n","protected":false},"excerpt":{"rendered":"<p>[:es] AVISO LEGAL En cumplimiento con el deber de informaci\u00f3n recogido en el Reglamento General de Protecci\u00f3n de Datos (RGPD) y el art\u00edculo 10 de la Ley 34\/2002, de 11 de julio, de Servicios de la Sociedad de la Informaci\u00f3n y del Comercio Electr\u00f3nico, a continuaci\u00f3n se hace constar: Datos identificativos:\u00a0El titular del\/los dominio\/s web &hellip; <\/p>\n","protected":false},"author":2,"featured_media":0,"parent":0,"menu_order":0,"comment_status":"closed","ping_status":"closed","template":"","meta":{"_tec_requires_first_save":true,"_uag_custom_page_level_css":"","loftloader_page_shortcode":"","_EventAllDay":false,"_EventTimezone":"","_EventStartDate":"","_EventEndDate":"","_EventStartDateUTC":"","_EventEndDateUTC":"","_EventShowMap":false,"_EventShowMapLink":false,"_EventURL":"","_EventCost":"","_EventCostDescription":"","_EventCurrencySymbol":"","_EventCurrencyCode":"","_EventCurrencyPosition":"","_EventDateTimeSeparator":"","_EventTimeRangeSeparator":"","_EventOrganizerID":[],"_EventVenueID":[],"_OrganizerEmail":"","_OrganizerPhone":"","_OrganizerWebsite":"","_VenueAddress":"","_VenueCity":"","_VenueCountry":"","_VenueProvince":"","_VenueState":"","_VenueZip":"","_VenuePhone":"","_VenueURL":"","_VenueStateProvince":"","_VenueLat":"","_VenueLng":"","_VenueShowMap":false,"_VenueShowMapLink":false,"_tribe_blocks_recurrence_rules":"","_tribe_blocks_recurrence_description":"","_tribe_blocks_recurrence_exclusions":"","_ecp_custom_2":"","footnotes":""},"class_list":["post-4663","page","type-page","status-publish","hentry"],"uagb_featured_image_src":{"full":false,"thumbnail":false,"medium":false,"medium_large":false,"large":false,"1536x1536":false,"2048x2048":false,"trp-custom-language-flag":false,"blossom-feminine-slider":false,"blossom-feminine-featured":false,"blossom-feminine-with-sidebar":false,"blossom-feminine-blog":false,"blossom-feminine-cat":false,"blossom-feminine-related":false,"blossom-feminine-schema":false},"uagb_author_info":{"display_name":"Victor","author_link":"https:\/\/www.cafelapalma.com\/en\/author\/comunicacion\/"},"uagb_comment_info":0,"uagb_excerpt":"[:es] AVISO LEGAL En cumplimiento con el deber de informaci\u00f3n recogido en el Reglamento General de Protecci\u00f3n de Datos (RGPD) y el art\u00edculo 10 de la Ley 34\/2002, de 11 de julio, de Servicios de la Sociedad de la Informaci\u00f3n y del Comercio Electr\u00f3nico, a continuaci\u00f3n se hace constar: Datos identificativos:\u00a0El titular del\/los dominio\/s web&hellip;","_links":{"self":[{"href":"https:\/\/www.cafelapalma.com\/en\/wp-json\/wp\/v2\/pages\/4663","targetHints":{"allow":["GET"]}}],"collection":[{"href":"https:\/\/www.cafelapalma.com\/en\/wp-json\/wp\/v2\/pages"}],"about":[{"href":"https:\/\/www.cafelapalma.com\/en\/wp-json\/wp\/v2\/types\/page"}],"author":[{"embeddable":true,"href":"https:\/\/www.cafelapalma.com\/en\/wp-json\/wp\/v2\/users\/2"}],"replies":[{"embeddable":true,"href":"https:\/\/www.cafelapalma.com\/en\/wp-json\/wp\/v2\/comments?post=4663"}],"version-history":[{"count":0,"href":"https:\/\/www.cafelapalma.com\/en\/wp-json\/wp\/v2\/pages\/4663\/revisions"}],"wp:attachment":[{"href":"https:\/\/www.cafelapalma.com\/en\/wp-json\/wp\/v2\/media?parent=4663"}],"curies":[{"name":"wp","href":"https:\/\/api.w.org\/{rel}","templated":true}]}}