{"id":33287,"date":"2026-02-03T17:15:22","date_gmt":"2026-02-03T16:15:22","guid":{"rendered":"https:\/\/www.cafelapalma.com\/?post_type=tribe_events&#038;p=33287"},"modified":"2026-02-23T09:53:54","modified_gmt":"2026-02-23T08:53:54","slug":"inercia-pasango-iria","status":"publish","type":"tribe_events","link":"https:\/\/www.cafelapalma.com\/en\/programacion\/inercia-pasango-iria\/","title":{"rendered":"INERCIA: PASANGO + IRIA"},"content":{"rendered":"<div  class=\"tribe-events-schedule tribe-clearfix\" >\n\t<p class=\"tribe-events-schedule__datetime\">\n\t\t<span class=\"tribe-events-schedule__date tribe-events-schedule__date--start\">\n\t\t\t27  February\t\t<\/span>\n\n\t\t\t\t\t<span class=\"tribe-events-schedule__separator tribe-events-schedule__separator--date\">\n\t\t\t\t@\t\t\t<\/span>\n\t\t\t<span class=\"tribe-events-schedule__time tribe-events-schedule__time--start\">\n\t\t\t\t23:55\t\t\t<\/span>\n\t\t\n\t\t\t<\/p>\n<\/div>\n\n\n<div  class=\"tribe-block tribe-block__event-price\" >\n\t\t\t<span class=\"tribe-block__event-price__cost\"> ENTRADA LIBRE <\/span>\n\t\t\t\t<span class=\"tribe-block__event-price__description\">hasta las 01:00 | 13\u20ac Taquilla de 01:00 a 03:00 (Incluye UNA COPA o DOS CERVEZAS) | 15\u20ac Taquilla de 03:00 a cierre (Incluye UNA CONSUMICI\u00d3N)<\/span>\n\t<\/div>\n\n\n\n<div class=\"wp-block-columns is-layout-flex wp-container-core-columns-is-layout-8f761849 wp-block-columns-is-layout-flex\">\n<div class=\"wp-block-column is-layout-flow wp-block-column-is-layout-flow\" style=\"flex-basis:33.33%\">\n<figure class=\"wp-block-image size-large\"><img loading=\"lazy\" decoding=\"async\" width=\"736\" height=\"1040\" src=\"https:\/\/www.cafelapalma.com\/wp-content\/uploads\/2026\/02\/Cartel-A3_PNG-1-1-1-736x1040.png\" alt=\"\" class=\"wp-image-33288\" srcset=\"https:\/\/www.cafelapalma.com\/wp-content\/uploads\/2026\/02\/Cartel-A3_PNG-1-1-1-736x1040.png 736w, https:\/\/www.cafelapalma.com\/wp-content\/uploads\/2026\/02\/Cartel-A3_PNG-1-1-1-212x300.png 212w, https:\/\/www.cafelapalma.com\/wp-content\/uploads\/2026\/02\/Cartel-A3_PNG-1-1-1-768x1086.png 768w, https:\/\/www.cafelapalma.com\/wp-content\/uploads\/2026\/02\/Cartel-A3_PNG-1-1-1-8x12.png 8w, https:\/\/www.cafelapalma.com\/wp-content\/uploads\/2026\/02\/Cartel-A3_PNG-1-1-1-42x60.png 42w, https:\/\/www.cafelapalma.com\/wp-content\/uploads\/2026\/02\/Cartel-A3_PNG-1-1-1.png 877w\" sizes=\"auto, (max-width: 736px) 100vw, 736px\" \/><\/figure>\n<\/div>\n\n\n\n<div class=\"wp-block-column is-layout-flow wp-block-column-is-layout-flow\" style=\"flex-basis:66.66%\">\n<p class=\"wp-block-paragraph\"><\/p>\n\n\n\n<p class=\"has-text-align-left wp-block-paragraph\"><strong>INERCIA <\/strong>aterriza en Caf\u00e9 La Palma en su fiesta de lanzamiento. Groove y energ\u00eda que te arrastran sin darte tregua. Un ritmo House y de calidad con un objetivo claro: que no pares de bailar. En cabina, DJs amigos con una conexi\u00f3n especial dan forma a una sesi\u00f3n honesta y sin artificios, donde nace una nueva comunidad en torno a la m\u00fasica, el baile y el arte de dejarse llevar.<\/p>\n\n\n\n<p class=\"has-text-align-left wp-block-paragraph\"><strong>PASANGO<\/strong>: DJ madrile\u00f1o, su historia con la m\u00fasica electr\u00f3nica comienza en \u00c1msterdam, ciudad que marc\u00f3 su forma de entender la pista y el sonido. All\u00ed se empap\u00f3 de la cultura clubbing y desarroll\u00f3 una identidad propia basada en la exploraci\u00f3n constante y la libertad creativa. Destaca por su capacidad para descubrir y mezclar sonidos nuevos, construyendo sets din\u00e1micos y envolventes. En cabina, su energ\u00eda es contagiosa: pista encendida y conexi\u00f3n real con el p\u00fablico. Sus sesiones se apoyan en una s\u00f3lida base de House, aderezada con ritmos funky, toques progressive y matices de acid disco.&nbsp;<\/p>\n\n\n\n<p class=\"has-text-align-left wp-block-paragraph\"><strong>IRIA<\/strong>: Ourensana afincada en Madrid y profundamente enamorada de la escena club de la capital. Su vida siempre ha estado ligada a la m\u00fasica: comenz\u00f3 con formaci\u00f3n cl\u00e1sica, pero todo dio un vuelco al descubrir la m\u00fasica electr\u00f3nica y su ecosistema. Aunque su aventura detr\u00e1s de la cabina acaba de comenzar, ha hecho bailar a p\u00fablicos en salas como Monete Club, Cadavra o Caf\u00e9 La Palma &#8211; club que la vio nacer como DJ. A pesar de explorar diversos estilos, es en el house y sus vertientes minimal, tech y deep donde ha encontrado su esencia.<\/p>\n\n\n\n<p class=\"has-text-align-left wp-block-paragraph\">D\u00e9jate llevar. La noche acabara con un B2B hist\u00f3rico.<\/p>\n\n\n\n<p class=\"has-text-align-right wp-block-paragraph\"><a href=\"https:\/\/www.instagram.com\/iriiate\/\" target=\"_blank\" rel=\"noreferrer noopener\"><em>Sigue a<\/em> <strong>IRIA <\/strong><em>in <\/em><strong>Instagram.<\/strong><\/a><\/p>\n\n\n\n<p class=\"has-text-align-right wp-block-paragraph\"><a href=\"https:\/\/www.instagram.com\/pasangomusic\/\" target=\"_blank\" rel=\"noreferrer noopener\"><em>Sigue a<\/em> <strong>PASANGO <\/strong><em>in <\/em><strong>Instagram.<\/strong><\/a><\/p>\n<\/div>\n<\/div>\n\n\n<h2 class=\"tribe-block__related-events__title\">Related Events<\/h2>\n\n<ul  class=\"tribe-related-events tribe-clearfix\" >\n\t\t\t<li>\n\t\n<div class=\"tribe-related-events-thumbnail\">\n\t<a href=\"https:\/\/www.cafelapalma.com\/en\/programacion\/fent-daboga-keruviin\/\" class=\"url\" rel=\"bookmark\" tabindex=\"-1\" aria-hidden=\"true\"><img loading=\"lazy\" decoding=\"async\" width=\"832\" height=\"1040\" src=\"https:\/\/www.cafelapalma.com\/wp-content\/uploads\/2026\/07\/cartel_concierto_03-09-832x1040.jpeg\" class=\"attachment-large size-large wp-post-image\" alt=\"\" \/><\/a>\n<\/div>\n\t<div class=\"tribe-related-event-info\">\n\t<h3 class=\"tribe-related-events-title\">\n\t\t<a href=\"https:\/\/www.cafelapalma.com\/en\/programacion\/fent-daboga-keruviin\/\" class=\"tribe-event-url\" rel=\"bookmark\">\n\t\t\tF\u20acNT + DABOGA + KERUVIIN\t\t<\/a>\n\t<\/h3>\n\t<span class=\"tribe-event-date-start\">3  September@21:00<\/span><span class=\"tribe-event-time\">23:59<\/span><\/div>\n<\/li>\n\t\t\t<li>\n\t\n<div class=\"tribe-related-events-thumbnail\">\n\t<a href=\"https:\/\/www.cafelapalma.com\/en\/programacion\/selected-layers-by-monkey-soul\/\" class=\"url\" rel=\"bookmark\" tabindex=\"-1\" aria-hidden=\"true\"><img loading=\"lazy\" decoding=\"async\" width=\"594\" height=\"1040\" src=\"https:\/\/www.cafelapalma.com\/wp-content\/uploads\/2026\/07\/pic1-e1785333628477-594x1040.png\" class=\"attachment-large size-large wp-post-image\" alt=\"\" \/><\/a>\n<\/div>\n\t<div class=\"tribe-related-event-info\">\n\t<h3 class=\"tribe-related-events-title\">\n\t\t<a href=\"https:\/\/www.cafelapalma.com\/en\/programacion\/selected-layers-by-monkey-soul\/\" class=\"tribe-event-url\" rel=\"bookmark\">\n\t\t\t\u00abSELECTED LAYERS\u00bb BY MONKEY SOUL\t\t<\/a>\n\t<\/h3>\n\t<span class=\"tribe-event-date-start\">3  September@23:55<\/span><\/div>\n<\/li>\n\t\t\t<li>\n\t\n<div class=\"tribe-related-events-thumbnail\">\n\t<a href=\"https:\/\/www.cafelapalma.com\/en\/programacion\/vertice-marta-canosa\/\" class=\"url\" rel=\"bookmark\" tabindex=\"-1\" aria-hidden=\"true\"><img loading=\"lazy\" decoding=\"async\" width=\"736\" height=\"1040\" src=\"https:\/\/www.cafelapalma.com\/wp-content\/uploads\/2026\/06\/Cartel_Vertice_Cafelapalma_Impresion_page-0001-1-736x1040.jpg\" class=\"attachment-large size-large wp-post-image\" alt=\"\" \/><\/a>\n<\/div>\n\t<div class=\"tribe-related-event-info\">\n\t<h3 class=\"tribe-related-events-title\">\n\t\t<a href=\"https:\/\/www.cafelapalma.com\/en\/programacion\/vertice-marta-canosa\/\" class=\"tribe-event-url\" rel=\"bookmark\">\n\t\t\tV\u00c9RTICE + MARTA CANOSA\t\t<\/a>\n\t<\/h3>\n\t<span class=\"tribe-event-date-start\">4  September@21:30<\/span><span class=\"tribe-event-time\">23:45<\/span><\/div>\n<\/li>\n\t<\/ul>","protected":false},"excerpt":{"rendered":"<p>INERCIA aterriza en Caf\u00e9 La Palma en su fiesta de lanzamiento. Groove y energ\u00eda que te arrastran sin darte tregua. Un ritmo House y de calidad con un objetivo claro: que no pares de bailar. En cabina, DJs amigos con una conexi\u00f3n especial dan forma a una sesi\u00f3n honesta y sin artificios, donde nace una &hellip; <\/p>","protected":false},"author":2,"featured_media":33288,"template":"","meta":{"_tec_requires_first_save":false,"_uag_custom_page_level_css":"","loftloader_page_shortcode":"","_EventAllDay":false,"_EventTimezone":"Europe\/Madrid","_EventStartDate":"2026-02-27 23:55:00","_EventEndDate":"2026-02-27 23:55:00","_EventStartDateUTC":"2026-02-27 22:55:00","_EventEndDateUTC":"2026-02-27 22:55:00","_EventShowMap":false,"_EventShowMapLink":false,"_EventURL":"","_EventCost":"ENTRADA LIBRE","_EventCostDescription":"","_EventCurrencySymbol":"\u20ac","_EventCurrencyCode":"USD","_EventCurrencyPosition":"suffix","_EventDateTimeSeparator":"@","_EventTimeRangeSeparator":"-","_EventOrganizerID":[],"_EventVenueID":[],"_OrganizerEmail":"","_OrganizerPhone":"","_OrganizerWebsite":"","_VenueAddress":"","_VenueCity":"","_VenueCountry":"","_VenueProvince":"","_VenueState":"","_VenueZip":"","_VenuePhone":"","_VenueURL":"","_VenueStateProvince":"","_VenueLat":"","_VenueLng":"","_VenueShowMap":false,"_VenueShowMapLink":false,"_tribe_blocks_recurrence_rules":"","_tribe_blocks_recurrence_description":"","_tribe_blocks_recurrence_exclusions":"","_ecp_custom_2":"","_tribe_events_status":"","_tribe_events_status_reason":"","_tribe_events_is_hybrid":"","_tribe_events_is_virtual":"","_tribe_events_virtual_video_source":"","_tribe_events_virtual_embed_video":"","_tribe_events_virtual_linked_button_text":"","_tribe_events_virtual_linked_button":"","_tribe_events_virtual_show_embed_at":"","_tribe_events_virtual_show_embed_to":[],"_tribe_events_virtual_show_on_event":"","_tribe_events_virtual_show_on_views":"","_tribe_events_virtual_url":"","footnotes":""},"tags":[1363,9225,9147,9146,9226,9227,1357,14506,16958,18303],"tribe_events_cat":[8964],"class_list":["post-33287","tribe_events","type-tribe_events","status-publish","has-post-thumbnail","hentry","tag-cafe-la-palma","tag-cafe-la-palma-clubbing","tag-conciertos-madrid","tag-conciertos-malasana","tag-djs-madrid","tag-djs-malasana","tag-electronica","tag-inercia","tag-iria","tag-pasango","tribe_events_cat-clubbing","cat_clubbing"],"uagb_featured_image_src":{"full":["https:\/\/www.cafelapalma.com\/wp-content\/uploads\/2026\/02\/Cartel-A3_PNG-1-1-1.png",877,1240,false],"thumbnail":["https:\/\/www.cafelapalma.com\/wp-content\/uploads\/2026\/02\/Cartel-A3_PNG-1-1-1-150x150.png",150,150,true],"medium":["https:\/\/www.cafelapalma.com\/wp-content\/uploads\/2026\/02\/Cartel-A3_PNG-1-1-1-212x300.png",212,300,true],"medium_large":["https:\/\/www.cafelapalma.com\/wp-content\/uploads\/2026\/02\/Cartel-A3_PNG-1-1-1-768x1086.png",768,1086,true],"large":["https:\/\/www.cafelapalma.com\/wp-content\/uploads\/2026\/02\/Cartel-A3_PNG-1-1-1-736x1040.png",736,1040,true],"1536x1536":["https:\/\/www.cafelapalma.com\/wp-content\/uploads\/2026\/02\/Cartel-A3_PNG-1-1-1.png",877,1240,false],"2048x2048":["https:\/\/www.cafelapalma.com\/wp-content\/uploads\/2026\/02\/Cartel-A3_PNG-1-1-1.png",877,1240,false],"trp-custom-language-flag":["https:\/\/www.cafelapalma.com\/wp-content\/uploads\/2026\/02\/Cartel-A3_PNG-1-1-1-8x12.png",8,12,true],"blossom-feminine-slider":["https:\/\/www.cafelapalma.com\/wp-content\/uploads\/2026\/02\/Cartel-A3_PNG-1-1-1-877x649.png",877,649,true],"blossom-feminine-featured":["https:\/\/www.cafelapalma.com\/wp-content\/uploads\/2026\/02\/Cartel-A3_PNG-1-1-1-877x600.png",877,600,true],"blossom-feminine-with-sidebar":["https:\/\/www.cafelapalma.com\/wp-content\/uploads\/2026\/02\/Cartel-A3_PNG-1-1-1-877x600.png",877,600,true],"blossom-feminine-blog":["https:\/\/www.cafelapalma.com\/wp-content\/uploads\/2026\/02\/Cartel-A3_PNG-1-1-1-435x435.png",435,435,true],"blossom-feminine-cat":["https:\/\/www.cafelapalma.com\/wp-content\/uploads\/2026\/02\/Cartel-A3_PNG-1-1-1-450x300.png",450,300,true],"blossom-feminine-related":["https:\/\/www.cafelapalma.com\/wp-content\/uploads\/2026\/02\/Cartel-A3_PNG-1-1-1-320x200.png",320,200,true],"blossom-feminine-schema":["https:\/\/www.cafelapalma.com\/wp-content\/uploads\/2026\/02\/Cartel-A3_PNG-1-1-1-42x60.png",42,60,true]},"uagb_author_info":{"display_name":"Victor","author_link":"https:\/\/www.cafelapalma.com\/en\/author\/comunicacion\/"},"uagb_comment_info":0,"uagb_excerpt":"INERCIA aterriza en Caf\u00e9 La Palma en su fiesta de lanzamiento. Groove y energ\u00eda que te arrastran sin darte tregua. Un ritmo House y de calidad con un objetivo claro: que no pares de bailar. En cabina, DJs amigos con una conexi\u00f3n especial dan forma a una sesi\u00f3n honesta y sin artificios, donde nace una&hellip;","_links":{"self":[{"href":"https:\/\/www.cafelapalma.com\/en\/wp-json\/wp\/v2\/tribe_events\/33287","targetHints":{"allow":["GET"]}}],"collection":[{"href":"https:\/\/www.cafelapalma.com\/en\/wp-json\/wp\/v2\/tribe_events"}],"about":[{"href":"https:\/\/www.cafelapalma.com\/en\/wp-json\/wp\/v2\/types\/tribe_events"}],"author":[{"embeddable":true,"href":"https:\/\/www.cafelapalma.com\/en\/wp-json\/wp\/v2\/users\/2"}],"version-history":[{"count":0,"href":"https:\/\/www.cafelapalma.com\/en\/wp-json\/wp\/v2\/tribe_events\/33287\/revisions"}],"wp:featuredmedia":[{"embeddable":true,"href":"https:\/\/www.cafelapalma.com\/en\/wp-json\/wp\/v2\/media\/33288"}],"wp:attachment":[{"href":"https:\/\/www.cafelapalma.com\/en\/wp-json\/wp\/v2\/media?parent=33287"}],"wp:term":[{"taxonomy":"post_tag","embeddable":true,"href":"https:\/\/www.cafelapalma.com\/en\/wp-json\/wp\/v2\/tags?post=33287"},{"taxonomy":"tribe_events_cat","embeddable":true,"href":"https:\/\/www.cafelapalma.com\/en\/wp-json\/wp\/v2\/tribe_events_cat?post=33287"}],"curies":[{"name":"wp","href":"https:\/\/api.w.org\/{rel}","templated":true}]}}