{"id":33413,"date":"2026-02-23T10:22:04","date_gmt":"2026-02-23T09:22:04","guid":{"rendered":"https:\/\/www.cafelapalma.com\/?post_type=tribe_events&#038;p=33413"},"modified":"2026-02-23T10:23:11","modified_gmt":"2026-02-23T09:23:11","slug":"gusano-club-tirso-posada-b2b-jose-vera-lucien-b2b-jorge-padilla","status":"publish","type":"tribe_events","link":"https:\/\/www.cafelapalma.com\/en\/programacion\/gusano-club-tirso-posada-b2b-jose-vera-lucien-b2b-jorge-padilla\/","title":{"rendered":"GUSANO CLUB: TIRSO + POSADA B2B JOSE VERA + LUCIEN B2B JORGE PADILLA"},"content":{"rendered":"<div  class=\"tribe-events-schedule tribe-clearfix\" >\n\t<p class=\"tribe-events-schedule__datetime\">\n\t\t<span class=\"tribe-events-schedule__date tribe-events-schedule__date--start\">\n\t\t\t14  March\t\t<\/span>\n\n\t\t\t\t\t<span class=\"tribe-events-schedule__separator tribe-events-schedule__separator--date\">\n\t\t\t\t@\t\t\t<\/span>\n\t\t\t<span class=\"tribe-events-schedule__time tribe-events-schedule__time--start\">\n\t\t\t\t23:59\t\t\t<\/span>\n\t\t\n\t\t\t<\/p>\n<\/div>\n\n\n<div  class=\"tribe-block tribe-block__event-price\" >\n\t\t\t<span class=\"tribe-block__event-price__cost\"> ENTRADA LIBRE <\/span>\n\t\t\t\t<span class=\"tribe-block__event-price__description\">hasta la 01:00 | 13\u20ac taquilla de 01:00 a 03:00 (incluye UNA COPA o DOS CERVEZAS) | 15\u20ac taquilla de 03:00 a cierre (incluye UNA COPA).<\/span>\n\t<\/div>\n\n\n\n<div class=\"wp-block-columns is-layout-flex wp-container-core-columns-is-layout-8f761849 wp-block-columns-is-layout-flex\">\n<div class=\"wp-block-column is-layout-flow wp-block-column-is-layout-flow\" style=\"flex-basis:33.33%\">\n<figure class=\"wp-block-image size-full\"><img loading=\"lazy\" decoding=\"async\" width=\"595\" height=\"842\" src=\"https:\/\/www.cafelapalma.com\/wp-content\/uploads\/2026\/02\/Gusano-Club-A4-1.jpg\" alt=\"\" class=\"wp-image-33414\" srcset=\"https:\/\/www.cafelapalma.com\/wp-content\/uploads\/2026\/02\/Gusano-Club-A4-1.jpg 595w, https:\/\/www.cafelapalma.com\/wp-content\/uploads\/2026\/02\/Gusano-Club-A4-1-212x300.jpg 212w, https:\/\/www.cafelapalma.com\/wp-content\/uploads\/2026\/02\/Gusano-Club-A4-1-8x12.jpg 8w, https:\/\/www.cafelapalma.com\/wp-content\/uploads\/2026\/02\/Gusano-Club-A4-1-42x60.jpg 42w\" sizes=\"auto, (max-width: 595px) 100vw, 595px\" \/><\/figure>\n<\/div>\n\n\n\n<div class=\"wp-block-column is-layout-flow wp-block-column-is-layout-flow\" style=\"flex-basis:66.66%\">\n<div style=\"height:100px\" aria-hidden=\"true\" class=\"wp-block-spacer\"><\/div>\n\n\n\n<p class=\"has-text-align-left wp-block-paragraph\">Inspirado en la esencia del club cl\u00e1sico, Gusano Club re\u00fane sonidos que construyen tensi\u00f3n y liberaci\u00f3n en la pista. House profundo, electro din\u00e1mico y breaks que empujan el movimiento. Una noche dise\u00f1ada para quienes buscan algo m\u00e1s que entretenimiento: buscan experiencia.<\/p>\n\n\n\n<p class=\"has-text-align-left wp-block-paragraph\"><strong>Posada<\/strong>: Nacido en Cali, Colombia. Radicado en Madrid, Carlos inici\u00f3 su carrera hace 14 a\u00f1os, residente en el emblem\u00e1tico club SONIDO CENTRAL de su ciudad durante 8 a\u00f1os, donde se consolid\u00f3 como uno de los mejores artistas de la escena underground del pa\u00eds. En Madrid es habitual en la noche club. Fundador de Inregistrari Interplanetare, Gusano y manager de Real Rhythm, tres sellos discogr\u00e1ficos de gran proyecci\u00f3n y popularidad. Posada ha firmado con reconocidos sellos como Deep Tech Records, Inwave, Samani, Tip Tap, Dushe y Soblazn Music, actualmente es la mitad del grupo Anthz. Su versatilidad en generos lo destaca en el sonido de club serio.<\/p>\n\n\n\n<p class=\"has-text-align-left wp-block-paragraph\"><strong>Tirso<\/strong>: De Cartagena (Murcia), lleva a\u00f1os en Madrid, ciudad en la que ha crecido musicalmente y ha ido formando su identidad. Cofundador y residente de Cuca\u00f1a Sessions, proyecto que conecta su origen con la pista. Su m\u00fasica mezcla house, disco, electro y progressive, construyendo un viaje de principio a fin y cargado de energ\u00eda.<\/p>\n\n\n\n<p class=\"has-text-align-left wp-block-paragraph\"><strong>Jose Vera: <\/strong>Productor y selector Ecuatoriano con sede en Madrid maneja un sonido caracter\u00edstico para los amantes de las historias. Nos obsequia una experiencia sonora que nos abraza con un sonido puramente an\u00e1logo lleno de experiencias que nos dejan un mensaje a trav\u00e9s del sonido. Bater\u00edas noventeras, texturas discretas, melod\u00edas melanc\u00f3licas, y vocales con mensajes claros nos permite recrear y vivir experiencias \u00fanicas a trav\u00e9s del sonido.<\/p>\n\n\n\n<p class=\"has-text-align-left wp-block-paragraph\"><strong>Lucien <\/strong>es un DJ y productor argentino radicado en Madrid.Sus sets recorren el electro, el house, breaks y trance, construyendo un viaje por los estilos conectando ritmos y emociones. Sus participaciones m\u00e1s destacadas son Avant Garten y Club Quba (Argentina), Cadavra y Skool Club (Espa\u00f1a). Como productor, su m\u00fasica en sellos como<br>Toscal Records, Address of Time y Abuelo Negro reflejan un sonido directo, enfocado en la pista y marcado por influencias de los a\u00f1os 90.<\/p>\n\n\n\n<p class=\"has-text-align-left wp-block-paragraph\"><strong>Jorge Padilla<\/strong>: Nacido en Cartagena y afincado en Madrid, Jorge comenz\u00f3 su trayectoria musical en el Londres postpandemia. Es uno de los fundadores y residentes de Cuca\u00f1a, uno de los colectivos que est\u00e1n dando forma a la escena electr\u00f3nica underground de la costa<br>murciana. Su sonido combina atm\u00f3sferas hipn\u00f3ticas con ritmos vibrantes y percusivos y un impulso mel\u00f3dico \u2014 un viaje enraizado en reminiscencias de los 80 y 90 reinterpretadas con un enfoque contempor\u00e1neo. Movi\u00e9ndose entre influencias del house, electro, trance y synthwave, sus sets fusionan profundidad emocional con una energ\u00eda orientada a la pista de baile.<\/p>\n<\/div>\n<\/div>\n\n\n\n<div style=\"height:100px\" aria-hidden=\"true\" class=\"wp-block-spacer\"><\/div>\n\n\n<h2 class=\"tribe-block__related-events__title\">Related Events<\/h2>\n\n<ul  class=\"tribe-related-events tribe-clearfix\" >\n\t\t\t<li>\n\t\n<div class=\"tribe-related-events-thumbnail\">\n\t<a href=\"https:\/\/www.cafelapalma.com\/en\/programacion\/fent-daboga-keruviin\/\" class=\"url\" rel=\"bookmark\" tabindex=\"-1\" aria-hidden=\"true\"><img loading=\"lazy\" decoding=\"async\" width=\"832\" height=\"1040\" src=\"https:\/\/www.cafelapalma.com\/wp-content\/uploads\/2026\/07\/cartel_concierto_03-09-832x1040.jpeg\" class=\"attachment-large size-large wp-post-image\" alt=\"\" \/><\/a>\n<\/div>\n\t<div class=\"tribe-related-event-info\">\n\t<h3 class=\"tribe-related-events-title\">\n\t\t<a href=\"https:\/\/www.cafelapalma.com\/en\/programacion\/fent-daboga-keruviin\/\" class=\"tribe-event-url\" rel=\"bookmark\">\n\t\t\tF\u20acNT + DABOGA + KERUVIIN\t\t<\/a>\n\t<\/h3>\n\t<span class=\"tribe-event-date-start\">3  September@21:00<\/span><span class=\"tribe-event-time\">23:59<\/span><\/div>\n<\/li>\n\t\t\t<li>\n\t\n<div class=\"tribe-related-events-thumbnail\">\n\t<a href=\"https:\/\/www.cafelapalma.com\/en\/programacion\/selected-layers-by-monkey-soul\/\" class=\"url\" rel=\"bookmark\" tabindex=\"-1\" aria-hidden=\"true\"><img loading=\"lazy\" decoding=\"async\" width=\"594\" height=\"1040\" src=\"https:\/\/www.cafelapalma.com\/wp-content\/uploads\/2026\/07\/pic1-e1785333628477-594x1040.png\" class=\"attachment-large size-large wp-post-image\" alt=\"\" \/><\/a>\n<\/div>\n\t<div class=\"tribe-related-event-info\">\n\t<h3 class=\"tribe-related-events-title\">\n\t\t<a href=\"https:\/\/www.cafelapalma.com\/en\/programacion\/selected-layers-by-monkey-soul\/\" class=\"tribe-event-url\" rel=\"bookmark\">\n\t\t\t\u00abSELECTED LAYERS\u00bb BY MONKEY SOUL\t\t<\/a>\n\t<\/h3>\n\t<span class=\"tribe-event-date-start\">3  September@23:55<\/span><\/div>\n<\/li>\n\t\t\t<li>\n\t\n<div class=\"tribe-related-events-thumbnail\">\n\t<a href=\"https:\/\/www.cafelapalma.com\/en\/programacion\/vertice-marta-canosa\/\" class=\"url\" rel=\"bookmark\" tabindex=\"-1\" aria-hidden=\"true\"><img loading=\"lazy\" decoding=\"async\" width=\"736\" height=\"1040\" src=\"https:\/\/www.cafelapalma.com\/wp-content\/uploads\/2026\/06\/Cartel_Vertice_Cafelapalma_Impresion_page-0001-1-736x1040.jpg\" class=\"attachment-large size-large wp-post-image\" alt=\"\" \/><\/a>\n<\/div>\n\t<div class=\"tribe-related-event-info\">\n\t<h3 class=\"tribe-related-events-title\">\n\t\t<a href=\"https:\/\/www.cafelapalma.com\/en\/programacion\/vertice-marta-canosa\/\" class=\"tribe-event-url\" rel=\"bookmark\">\n\t\t\tV\u00c9RTICE + MARTA CANOSA\t\t<\/a>\n\t<\/h3>\n\t<span class=\"tribe-event-date-start\">4  September@21:30<\/span><span class=\"tribe-event-time\">23:45<\/span><\/div>\n<\/li>\n\t<\/ul>","protected":false},"excerpt":{"rendered":"<p>Inspirado en la esencia del club cl\u00e1sico, Gusano Club re\u00fane sonidos que construyen tensi\u00f3n y liberaci\u00f3n en la pista. House profundo, electro din\u00e1mico y breaks que empujan el movimiento. Una noche dise\u00f1ada para quienes buscan algo m\u00e1s que entretenimiento: buscan experiencia. Posada: Nacido en Cali, Colombia. Radicado en Madrid, Carlos inici\u00f3 su carrera hace 14 &hellip; <\/p>","protected":false},"author":2,"featured_media":33414,"template":"","meta":{"_tec_requires_first_save":false,"_uag_custom_page_level_css":"","loftloader_page_shortcode":"","_EventAllDay":false,"_EventTimezone":"Europe\/Madrid","_EventStartDate":"2026-03-14 23:59:00","_EventEndDate":"2026-03-14 23:59:00","_EventStartDateUTC":"2026-03-14 22:59:00","_EventEndDateUTC":"2026-03-14 22:59:00","_EventShowMap":false,"_EventShowMapLink":false,"_EventURL":"","_EventCost":"ENTRADA LIBRE","_EventCostDescription":"","_EventCurrencySymbol":"\u20ac","_EventCurrencyCode":"USD","_EventCurrencyPosition":"suffix","_EventDateTimeSeparator":"@","_EventTimeRangeSeparator":"-","_EventOrganizerID":[],"_EventVenueID":[],"_OrganizerEmail":"","_OrganizerPhone":"","_OrganizerWebsite":"","_VenueAddress":"","_VenueCity":"","_VenueCountry":"","_VenueProvince":"","_VenueState":"","_VenueZip":"","_VenuePhone":"","_VenueURL":"","_VenueStateProvince":"","_VenueLat":"","_VenueLng":"","_VenueShowMap":false,"_VenueShowMapLink":false,"_tribe_blocks_recurrence_rules":"","_tribe_blocks_recurrence_description":"","_tribe_blocks_recurrence_exclusions":"","_ecp_custom_2":"","_tribe_events_status":"","_tribe_events_status_reason":"","_tribe_events_is_hybrid":"","_tribe_events_is_virtual":"","_tribe_events_virtual_video_source":"","_tribe_events_virtual_embed_video":"","_tribe_events_virtual_linked_button_text":"","_tribe_events_virtual_linked_button":"","_tribe_events_virtual_show_embed_at":"","_tribe_events_virtual_show_embed_to":[],"_tribe_events_virtual_show_on_event":"","_tribe_events_virtual_show_on_views":"","_tribe_events_virtual_url":"","footnotes":""},"tags":[1363,9225,18001,9226,9227,18341,9309,18344,18239,18083,776,18342],"tribe_events_cat":[8964],"class_list":["post-33413","tribe_events","type-tribe_events","status-publish","has-post-thumbnail","hentry","tag-cafe-la-palma","tag-cafe-la-palma-clubbing","tag-clubbing-madrid","tag-djs-madrid","tag-djs-malasana","tag-gusano-club","tag-house","tag-jorge-padilla","tag-jose-vera","tag-posada","tag-techno","tag-tirso","tribe_events_cat-clubbing","cat_clubbing"],"uagb_featured_image_src":{"full":["https:\/\/www.cafelapalma.com\/wp-content\/uploads\/2026\/02\/Gusano-Club-A4-1.jpg",595,842,false],"thumbnail":["https:\/\/www.cafelapalma.com\/wp-content\/uploads\/2026\/02\/Gusano-Club-A4-1-150x150.jpg",150,150,true],"medium":["https:\/\/www.cafelapalma.com\/wp-content\/uploads\/2026\/02\/Gusano-Club-A4-1-212x300.jpg",212,300,true],"medium_large":["https:\/\/www.cafelapalma.com\/wp-content\/uploads\/2026\/02\/Gusano-Club-A4-1.jpg",595,842,false],"large":["https:\/\/www.cafelapalma.com\/wp-content\/uploads\/2026\/02\/Gusano-Club-A4-1.jpg",595,842,false],"1536x1536":["https:\/\/www.cafelapalma.com\/wp-content\/uploads\/2026\/02\/Gusano-Club-A4-1.jpg",595,842,false],"2048x2048":["https:\/\/www.cafelapalma.com\/wp-content\/uploads\/2026\/02\/Gusano-Club-A4-1.jpg",595,842,false],"trp-custom-language-flag":["https:\/\/www.cafelapalma.com\/wp-content\/uploads\/2026\/02\/Gusano-Club-A4-1-8x12.jpg",8,12,true],"blossom-feminine-slider":["https:\/\/www.cafelapalma.com\/wp-content\/uploads\/2026\/02\/Gusano-Club-A4-1-595x649.jpg",595,649,true],"blossom-feminine-featured":["https:\/\/www.cafelapalma.com\/wp-content\/uploads\/2026\/02\/Gusano-Club-A4-1-595x600.jpg",595,600,true],"blossom-feminine-with-sidebar":["https:\/\/www.cafelapalma.com\/wp-content\/uploads\/2026\/02\/Gusano-Club-A4-1-595x600.jpg",595,600,true],"blossom-feminine-blog":["https:\/\/www.cafelapalma.com\/wp-content\/uploads\/2026\/02\/Gusano-Club-A4-1-435x435.jpg",435,435,true],"blossom-feminine-cat":["https:\/\/www.cafelapalma.com\/wp-content\/uploads\/2026\/02\/Gusano-Club-A4-1-450x300.jpg",450,300,true],"blossom-feminine-related":["https:\/\/www.cafelapalma.com\/wp-content\/uploads\/2026\/02\/Gusano-Club-A4-1-320x200.jpg",320,200,true],"blossom-feminine-schema":["https:\/\/www.cafelapalma.com\/wp-content\/uploads\/2026\/02\/Gusano-Club-A4-1-42x60.jpg",42,60,true]},"uagb_author_info":{"display_name":"Victor","author_link":"https:\/\/www.cafelapalma.com\/en\/author\/comunicacion\/"},"uagb_comment_info":0,"uagb_excerpt":"Inspirado en la esencia del club cl\u00e1sico, Gusano Club re\u00fane sonidos que construyen tensi\u00f3n y liberaci\u00f3n en la pista. House profundo, electro din\u00e1mico y breaks que empujan el movimiento. Una noche dise\u00f1ada para quienes buscan algo m\u00e1s que entretenimiento: buscan experiencia. Posada: Nacido en Cali, Colombia. Radicado en Madrid, Carlos inici\u00f3 su carrera hace 14&hellip;","_links":{"self":[{"href":"https:\/\/www.cafelapalma.com\/en\/wp-json\/wp\/v2\/tribe_events\/33413","targetHints":{"allow":["GET"]}}],"collection":[{"href":"https:\/\/www.cafelapalma.com\/en\/wp-json\/wp\/v2\/tribe_events"}],"about":[{"href":"https:\/\/www.cafelapalma.com\/en\/wp-json\/wp\/v2\/types\/tribe_events"}],"author":[{"embeddable":true,"href":"https:\/\/www.cafelapalma.com\/en\/wp-json\/wp\/v2\/users\/2"}],"version-history":[{"count":0,"href":"https:\/\/www.cafelapalma.com\/en\/wp-json\/wp\/v2\/tribe_events\/33413\/revisions"}],"wp:featuredmedia":[{"embeddable":true,"href":"https:\/\/www.cafelapalma.com\/en\/wp-json\/wp\/v2\/media\/33414"}],"wp:attachment":[{"href":"https:\/\/www.cafelapalma.com\/en\/wp-json\/wp\/v2\/media?parent=33413"}],"wp:term":[{"taxonomy":"post_tag","embeddable":true,"href":"https:\/\/www.cafelapalma.com\/en\/wp-json\/wp\/v2\/tags?post=33413"},{"taxonomy":"tribe_events_cat","embeddable":true,"href":"https:\/\/www.cafelapalma.com\/en\/wp-json\/wp\/v2\/tribe_events_cat?post=33413"}],"curies":[{"name":"wp","href":"https:\/\/api.w.org\/{rel}","templated":true}]}}