{"id":33420,"date":"2026-02-23T11:41:21","date_gmt":"2026-02-23T10:41:21","guid":{"rendered":"https:\/\/www.cafelapalma.com\/?post_type=tribe_events&#038;p=33420"},"modified":"2026-02-23T11:41:22","modified_gmt":"2026-02-23T10:41:22","slug":"counterflow-ruven-ineluctable-nina-prica-maria-arias","status":"publish","type":"tribe_events","link":"https:\/\/www.cafelapalma.com\/en\/programacion\/counterflow-ruven-ineluctable-nina-prica-maria-arias\/","title":{"rendered":"COUNTERFLOW: RUVEN + INELUCTABLE + NINA PRICA + MARIA ARIAS"},"content":{"rendered":"<div  class=\"tribe-events-schedule tribe-clearfix\" >\n\t<p class=\"tribe-events-schedule__datetime\">\n\t\t<span class=\"tribe-events-schedule__date tribe-events-schedule__date--start\">\n\t\t\t13  March\t\t<\/span>\n\n\t\t\t\t\t<span class=\"tribe-events-schedule__separator tribe-events-schedule__separator--date\">\n\t\t\t\t@\t\t\t<\/span>\n\t\t\t<span class=\"tribe-events-schedule__time tribe-events-schedule__time--start\">\n\t\t\t\t23:55\t\t\t<\/span>\n\t\t\n\t\t\t<\/p>\n<\/div>\n\n\n<div  class=\"tribe-block tribe-block__event-price\" >\n\t\t\t<span class=\"tribe-block__event-price__cost\"> ENTRADA LIBRE <\/span>\n\t\t\t\t<span class=\"tribe-block__event-price__description\">hasta la 01:00 | 13\u20ac taquilla de 01:00 a 03:00 (incluye UNA COPA o DOS CERVEZAS) | 15\u20ac taquilla de 03:00 a cierre (incluye UNA COPA).<\/span>\n\t<\/div>\n\n\n\n<div class=\"wp-block-columns is-layout-flex wp-container-core-columns-is-layout-8f761849 wp-block-columns-is-layout-flex\">\n<div class=\"wp-block-column is-layout-flow wp-block-column-is-layout-flow\" style=\"flex-basis:33.33%\">\n<figure class=\"wp-block-image size-large\"><img loading=\"lazy\" decoding=\"async\" width=\"735\" height=\"1040\" src=\"https:\/\/www.cafelapalma.com\/wp-content\/uploads\/2026\/02\/COUNTERFLOW_13MARZO_FALDON-735x1040.jpg\" alt=\"\" class=\"wp-image-33421\" srcset=\"https:\/\/www.cafelapalma.com\/wp-content\/uploads\/2026\/02\/COUNTERFLOW_13MARZO_FALDON-735x1040.jpg 735w, https:\/\/www.cafelapalma.com\/wp-content\/uploads\/2026\/02\/COUNTERFLOW_13MARZO_FALDON-212x300.jpg 212w, https:\/\/www.cafelapalma.com\/wp-content\/uploads\/2026\/02\/COUNTERFLOW_13MARZO_FALDON-768x1086.jpg 768w, https:\/\/www.cafelapalma.com\/wp-content\/uploads\/2026\/02\/COUNTERFLOW_13MARZO_FALDON-1086x1536.jpg 1086w, https:\/\/www.cafelapalma.com\/wp-content\/uploads\/2026\/02\/COUNTERFLOW_13MARZO_FALDON-8x12.jpg 8w, https:\/\/www.cafelapalma.com\/wp-content\/uploads\/2026\/02\/COUNTERFLOW_13MARZO_FALDON-42x60.jpg 42w, https:\/\/www.cafelapalma.com\/wp-content\/uploads\/2026\/02\/COUNTERFLOW_13MARZO_FALDON.jpg 1414w\" sizes=\"auto, (max-width: 735px) 100vw, 735px\" \/><\/figure>\n<\/div>\n\n\n\n<div class=\"wp-block-column is-layout-flow wp-block-column-is-layout-flow\" style=\"flex-basis:66.66%\">\n<div style=\"height:100px\" aria-hidden=\"true\" class=\"wp-block-spacer\"><\/div>\n\n\n\n<p class=\"has-text-align-left wp-block-paragraph\"><strong>Counterflow Sessions <\/strong>llega a Caf\u00e9 La Palma como un punto de encuentro para quienes buscan explorar los m\u00e1rgenes m\u00e1s sensibles y alternativos de la m\u00fasica electr\u00f3nica. Impulsado por Counterflow Music Collective, el proyecto pone el foco en sonidos progresivos, org\u00e1nicos y experimentales, alejados del circuito m\u00e1s comercial y profundamente conectados con la escucha y la narrativa musical.<\/p>\n\n\n\n<p class=\"has-text-align-left wp-block-paragraph\">Influenciados por sellos como Anjunadeep, Sudbeat o Mango Alley, sus eventos se han consolidado como espacios donde confluyen mel\u00f3manos, DJs y productores con una visi\u00f3n com\u00fan: dejar que la m\u00fasica respire, evolucione y construya un viaje compartido. Una filosof\u00eda que ya ha tenido momentos destacados, como su reciente evento junto al productor brit\u00e1nico Marsh (Anjunadeep).<\/p>\n\n\n\n<p class=\"has-text-align-left wp-block-paragraph\">En esta edici\u00f3n, <strong>Ineluctable<\/strong>,<strong> Mar\u00eda Arias, Nina Prica y Ruven<\/strong> dar\u00e1n forma a una sesi\u00f3n pensada para escucharse y bailarse con atenci\u00f3n, cuidando las transiciones, las atm\u00f3sferas y la progresi\u00f3n desde el primer beat hasta el \u00faltimo.<\/p>\n\n\n\n<p class=\"has-text-align-left wp-block-paragraph\">Una propuesta ideal para comenzar la noche desde la calma, la profundidad y la conexi\u00f3n con el sonido.<\/p>\n\n\n\n<p class=\"has-text-align-right wp-block-paragraph\"><a href=\"https:\/\/www.instagram.com\/counterflow_music_collective\/\"><em>Sigue a<\/em> <strong>COUNTERFLOW <\/strong><em>in <\/em><strong>Instagram<\/strong>.<\/a><\/p>\n\n\n\n<p class=\"wp-block-paragraph\"><\/p>\n<\/div>\n<\/div>\n\n\n<h2 class=\"tribe-block__related-events__title\">Related Events<\/h2>\n\n<ul  class=\"tribe-related-events tribe-clearfix\" >\n\t\t\t<li>\n\t\n<div class=\"tribe-related-events-thumbnail\">\n\t<a href=\"https:\/\/www.cafelapalma.com\/en\/programacion\/fent-daboga-keruviin\/\" class=\"url\" rel=\"bookmark\" tabindex=\"-1\" aria-hidden=\"true\"><img loading=\"lazy\" decoding=\"async\" width=\"832\" height=\"1040\" src=\"https:\/\/www.cafelapalma.com\/wp-content\/uploads\/2026\/07\/cartel_concierto_03-09-832x1040.jpeg\" class=\"attachment-large size-large wp-post-image\" alt=\"\" \/><\/a>\n<\/div>\n\t<div class=\"tribe-related-event-info\">\n\t<h3 class=\"tribe-related-events-title\">\n\t\t<a href=\"https:\/\/www.cafelapalma.com\/en\/programacion\/fent-daboga-keruviin\/\" class=\"tribe-event-url\" rel=\"bookmark\">\n\t\t\tF\u20acNT + DABOGA + KERUVIIN\t\t<\/a>\n\t<\/h3>\n\t<span class=\"tribe-event-date-start\">3  September@21:00<\/span><span class=\"tribe-event-time\">23:59<\/span><\/div>\n<\/li>\n\t\t\t<li>\n\t\n<div class=\"tribe-related-events-thumbnail\">\n\t<a href=\"https:\/\/www.cafelapalma.com\/en\/programacion\/selected-layers-by-monkey-soul\/\" class=\"url\" rel=\"bookmark\" tabindex=\"-1\" aria-hidden=\"true\"><img loading=\"lazy\" decoding=\"async\" width=\"594\" height=\"1040\" src=\"https:\/\/www.cafelapalma.com\/wp-content\/uploads\/2026\/07\/pic1-e1785333628477-594x1040.png\" class=\"attachment-large size-large wp-post-image\" alt=\"\" \/><\/a>\n<\/div>\n\t<div class=\"tribe-related-event-info\">\n\t<h3 class=\"tribe-related-events-title\">\n\t\t<a href=\"https:\/\/www.cafelapalma.com\/en\/programacion\/selected-layers-by-monkey-soul\/\" class=\"tribe-event-url\" rel=\"bookmark\">\n\t\t\t\u00abSELECTED LAYERS\u00bb BY MONKEY SOUL\t\t<\/a>\n\t<\/h3>\n\t<span class=\"tribe-event-date-start\">3  September@23:55<\/span><\/div>\n<\/li>\n\t\t\t<li>\n\t\n<div class=\"tribe-related-events-thumbnail\">\n\t<a href=\"https:\/\/www.cafelapalma.com\/en\/programacion\/vertice-marta-canosa\/\" class=\"url\" rel=\"bookmark\" tabindex=\"-1\" aria-hidden=\"true\"><img loading=\"lazy\" decoding=\"async\" width=\"736\" height=\"1040\" src=\"https:\/\/www.cafelapalma.com\/wp-content\/uploads\/2026\/06\/Cartel_Vertice_Cafelapalma_Impresion_page-0001-1-736x1040.jpg\" class=\"attachment-large size-large wp-post-image\" alt=\"\" \/><\/a>\n<\/div>\n\t<div class=\"tribe-related-event-info\">\n\t<h3 class=\"tribe-related-events-title\">\n\t\t<a href=\"https:\/\/www.cafelapalma.com\/en\/programacion\/vertice-marta-canosa\/\" class=\"tribe-event-url\" rel=\"bookmark\">\n\t\t\tV\u00c9RTICE + MARTA CANOSA\t\t<\/a>\n\t<\/h3>\n\t<span class=\"tribe-event-date-start\">4  September@21:30<\/span><span class=\"tribe-event-time\">23:45<\/span><\/div>\n<\/li>\n\t<\/ul>","protected":false},"excerpt":{"rendered":"<p>Counterflow Sessions llega a Caf\u00e9 La Palma como un punto de encuentro para quienes buscan explorar los m\u00e1rgenes m\u00e1s sensibles y alternativos de la m\u00fasica electr\u00f3nica. Impulsado por Counterflow Music Collective, el proyecto pone el foco en sonidos progresivos, org\u00e1nicos y experimentales, alejados del circuito m\u00e1s comercial y profundamente conectados con la escucha y la &hellip; <\/p>","protected":false},"author":2,"featured_media":33421,"template":"","meta":{"_tec_requires_first_save":false,"_uag_custom_page_level_css":"","loftloader_page_shortcode":"","_EventAllDay":false,"_EventTimezone":"Europe\/Madrid","_EventStartDate":"2026-03-13 23:55:00","_EventEndDate":"2026-03-13 23:55:00","_EventStartDateUTC":"2026-03-13 22:55:00","_EventEndDateUTC":"2026-03-13 22:55:00","_EventShowMap":false,"_EventShowMapLink":false,"_EventURL":"","_EventCost":"ENTRADA LIBRE","_EventCostDescription":"","_EventCurrencySymbol":"\u20ac","_EventCurrencyCode":"USD","_EventCurrencyPosition":"suffix","_EventDateTimeSeparator":"@","_EventTimeRangeSeparator":"-","_EventOrganizerID":[],"_EventVenueID":[],"_OrganizerEmail":"","_OrganizerPhone":"","_OrganizerWebsite":"","_VenueAddress":"","_VenueCity":"","_VenueCountry":"","_VenueProvince":"","_VenueState":"","_VenueZip":"","_VenuePhone":"","_VenueURL":"","_VenueStateProvince":"","_VenueLat":"","_VenueLng":"","_VenueShowMap":false,"_VenueShowMapLink":false,"_tribe_blocks_recurrence_rules":"","_tribe_blocks_recurrence_description":"","_tribe_blocks_recurrence_exclusions":"","_ecp_custom_2":"","_tribe_events_status":"","_tribe_events_status_reason":"","_tribe_events_is_hybrid":"","_tribe_events_is_virtual":"","_tribe_events_virtual_video_source":"","_tribe_events_virtual_embed_video":"","_tribe_events_virtual_linked_button_text":"","_tribe_events_virtual_linked_button":"","_tribe_events_virtual_show_embed_at":"","_tribe_events_virtual_show_embed_to":[],"_tribe_events_virtual_show_on_event":"","_tribe_events_virtual_show_on_views":"","_tribe_events_virtual_url":"","footnotes":""},"tags":[1363,9225,18347,9226,9227,1357,17739,18348,16966],"tribe_events_cat":[8964],"class_list":["post-33420","tribe_events","type-tribe_events","status-publish","has-post-thumbnail","hentry","tag-cafe-la-palma","tag-cafe-la-palma-clubbing","tag-counterflow","tag-djs-madrid","tag-djs-malasana","tag-electronica","tag-ineluctable","tag-maria-arias","tag-nina-prica","tribe_events_cat-clubbing","cat_clubbing"],"uagb_featured_image_src":{"full":["https:\/\/www.cafelapalma.com\/wp-content\/uploads\/2026\/02\/COUNTERFLOW_13MARZO_FALDON.jpg",1414,2000,false],"thumbnail":["https:\/\/www.cafelapalma.com\/wp-content\/uploads\/2026\/02\/COUNTERFLOW_13MARZO_FALDON-150x150.jpg",150,150,true],"medium":["https:\/\/www.cafelapalma.com\/wp-content\/uploads\/2026\/02\/COUNTERFLOW_13MARZO_FALDON-212x300.jpg",212,300,true],"medium_large":["https:\/\/www.cafelapalma.com\/wp-content\/uploads\/2026\/02\/COUNTERFLOW_13MARZO_FALDON-768x1086.jpg",768,1086,true],"large":["https:\/\/www.cafelapalma.com\/wp-content\/uploads\/2026\/02\/COUNTERFLOW_13MARZO_FALDON-735x1040.jpg",735,1040,true],"1536x1536":["https:\/\/www.cafelapalma.com\/wp-content\/uploads\/2026\/02\/COUNTERFLOW_13MARZO_FALDON-1086x1536.jpg",1086,1536,true],"2048x2048":["https:\/\/www.cafelapalma.com\/wp-content\/uploads\/2026\/02\/COUNTERFLOW_13MARZO_FALDON.jpg",1414,2000,false],"trp-custom-language-flag":["https:\/\/www.cafelapalma.com\/wp-content\/uploads\/2026\/02\/COUNTERFLOW_13MARZO_FALDON-8x12.jpg",8,12,true],"blossom-feminine-slider":["https:\/\/www.cafelapalma.com\/wp-content\/uploads\/2026\/02\/COUNTERFLOW_13MARZO_FALDON-1414x649.jpg",1414,649,true],"blossom-feminine-featured":["https:\/\/www.cafelapalma.com\/wp-content\/uploads\/2026\/02\/COUNTERFLOW_13MARZO_FALDON-1410x600.jpg",1410,600,true],"blossom-feminine-with-sidebar":["https:\/\/www.cafelapalma.com\/wp-content\/uploads\/2026\/02\/COUNTERFLOW_13MARZO_FALDON-1020x600.jpg",1020,600,true],"blossom-feminine-blog":["https:\/\/www.cafelapalma.com\/wp-content\/uploads\/2026\/02\/COUNTERFLOW_13MARZO_FALDON-435x435.jpg",435,435,true],"blossom-feminine-cat":["https:\/\/www.cafelapalma.com\/wp-content\/uploads\/2026\/02\/COUNTERFLOW_13MARZO_FALDON-450x300.jpg",450,300,true],"blossom-feminine-related":["https:\/\/www.cafelapalma.com\/wp-content\/uploads\/2026\/02\/COUNTERFLOW_13MARZO_FALDON-320x200.jpg",320,200,true],"blossom-feminine-schema":["https:\/\/www.cafelapalma.com\/wp-content\/uploads\/2026\/02\/COUNTERFLOW_13MARZO_FALDON-42x60.jpg",42,60,true]},"uagb_author_info":{"display_name":"Victor","author_link":"https:\/\/www.cafelapalma.com\/en\/author\/comunicacion\/"},"uagb_comment_info":0,"uagb_excerpt":"Counterflow Sessions llega a Caf\u00e9 La Palma como un punto de encuentro para quienes buscan explorar los m\u00e1rgenes m\u00e1s sensibles y alternativos de la m\u00fasica electr\u00f3nica. Impulsado por Counterflow Music Collective, el proyecto pone el foco en sonidos progresivos, org\u00e1nicos y experimentales, alejados del circuito m\u00e1s comercial y profundamente conectados con la escucha y la&hellip;","_links":{"self":[{"href":"https:\/\/www.cafelapalma.com\/en\/wp-json\/wp\/v2\/tribe_events\/33420","targetHints":{"allow":["GET"]}}],"collection":[{"href":"https:\/\/www.cafelapalma.com\/en\/wp-json\/wp\/v2\/tribe_events"}],"about":[{"href":"https:\/\/www.cafelapalma.com\/en\/wp-json\/wp\/v2\/types\/tribe_events"}],"author":[{"embeddable":true,"href":"https:\/\/www.cafelapalma.com\/en\/wp-json\/wp\/v2\/users\/2"}],"version-history":[{"count":0,"href":"https:\/\/www.cafelapalma.com\/en\/wp-json\/wp\/v2\/tribe_events\/33420\/revisions"}],"wp:featuredmedia":[{"embeddable":true,"href":"https:\/\/www.cafelapalma.com\/en\/wp-json\/wp\/v2\/media\/33421"}],"wp:attachment":[{"href":"https:\/\/www.cafelapalma.com\/en\/wp-json\/wp\/v2\/media?parent=33420"}],"wp:term":[{"taxonomy":"post_tag","embeddable":true,"href":"https:\/\/www.cafelapalma.com\/en\/wp-json\/wp\/v2\/tags?post=33420"},{"taxonomy":"tribe_events_cat","embeddable":true,"href":"https:\/\/www.cafelapalma.com\/en\/wp-json\/wp\/v2\/tribe_events_cat?post=33420"}],"curies":[{"name":"wp","href":"https:\/\/api.w.org\/{rel}","templated":true}]}}