{"id":33423,"date":"2026-02-23T12:27:21","date_gmt":"2026-02-23T11:27:21","guid":{"rendered":"https:\/\/www.cafelapalma.com\/?post_type=tribe_events&#038;p=33423"},"modified":"2026-02-23T12:37:22","modified_gmt":"2026-02-23T11:37:22","slug":"komunne-por-palestina-findpeaks-yung-fundgy-jawad_o-ketcat-wo-kem","status":"publish","type":"tribe_events","link":"https:\/\/www.cafelapalma.com\/en\/programacion\/komunne-por-palestina-findpeaks-yung-fundgy-jawad_o-ketcat-wo-kem\/","title":{"rendered":"KOMMUNE POR PALESTINE: FINDPEAKS + YUNG FUNDGY + JAWAD_O + KETCAT + WO KEM"},"content":{"rendered":"<div  class=\"tribe-events-schedule tribe-clearfix\" >\n\t<p class=\"tribe-events-schedule__datetime\">\n\t\t<span class=\"tribe-events-schedule__date tribe-events-schedule__date--start\">\n\t\t\t20  March\t\t<\/span>\n\n\t\t\t\t\t<span class=\"tribe-events-schedule__separator tribe-events-schedule__separator--date\">\n\t\t\t\t@\t\t\t<\/span>\n\t\t\t<span class=\"tribe-events-schedule__time tribe-events-schedule__time--start\">\n\t\t\t\t23:55\t\t\t<\/span>\n\t\t\n\t\t\t<\/p>\n<\/div>\n\n\n<div  class=\"tribe-block tribe-block__event-price\" >\n\t\t\t<span class=\"tribe-block__event-price__cost\"> ENTRADA LIBRE <\/span>\n\t\t\t\t<span class=\"tribe-block__event-price__description\">hasta la 01:00 | 13\u20ac taquilla de 01:00 a 03:00 (incluye UNA COPA o DOS CERVEZAS) | 15\u20ac taquilla de 03:00 a cierre (incluye UNA COPA) | 5\u20ac Entrada FILA CERO<\/span>\n\t<\/div>\n\n\n\n<div class=\"wp-block-columns is-layout-flex wp-container-core-columns-is-layout-8f761849 wp-block-columns-is-layout-flex\">\n<div class=\"wp-block-column is-layout-flow wp-block-column-is-layout-flow\" style=\"flex-basis:33.33%\">\n<figure class=\"wp-block-image size-large\"><img loading=\"lazy\" decoding=\"async\" width=\"832\" height=\"1040\" src=\"https:\/\/www.cafelapalma.com\/wp-content\/uploads\/2026\/02\/KOMMUNE-MARZO-2026-02-1-1-832x1040.jpg\" alt=\"\" class=\"wp-image-33424\" srcset=\"https:\/\/www.cafelapalma.com\/wp-content\/uploads\/2026\/02\/KOMMUNE-MARZO-2026-02-1-1-832x1040.jpg 832w, https:\/\/www.cafelapalma.com\/wp-content\/uploads\/2026\/02\/KOMMUNE-MARZO-2026-02-1-1-240x300.jpg 240w, https:\/\/www.cafelapalma.com\/wp-content\/uploads\/2026\/02\/KOMMUNE-MARZO-2026-02-1-1-768x961.jpg 768w, https:\/\/www.cafelapalma.com\/wp-content\/uploads\/2026\/02\/KOMMUNE-MARZO-2026-02-1-1-10x12.jpg 10w, https:\/\/www.cafelapalma.com\/wp-content\/uploads\/2026\/02\/KOMMUNE-MARZO-2026-02-1-1-48x60.jpg 48w, https:\/\/www.cafelapalma.com\/wp-content\/uploads\/2026\/02\/KOMMUNE-MARZO-2026-02-1-1.jpg 1125w\" sizes=\"auto, (max-width: 832px) 100vw, 832px\" \/><\/figure>\n\n\n<div  class=\"tribe-block tribe-block__event-website\" >\n\t<a\n\t\thref=\"https:\/\/www.notikumi.com\/channel\/cafe-la-palma\/2026\/3\/20\/komunne-por-palestina-findpeaks-yung-fundgy-jawad-o-ketcat-wo-kem\"\n\t\ttarget=\"_self\"\n\t\t\t>\n\t\tCOMPRAR FILA CERO\t<\/a>\n<\/div>\n<\/div>\n\n\n\n<div class=\"wp-block-column is-layout-flow wp-block-column-is-layout-flow\" style=\"flex-basis:66.66%\">\n<p class=\"wp-block-paragraph\"><\/p>\n\n\n\n<p class=\"has-text-align-left wp-block-paragraph\">Otro a\u00f1o m\u00e1s, sentimos la necesidad de levantar la voz por una causa que no deja de azotar casi a diario. El genocidio perpetrado sobre la naci\u00f3n palestina nos entristece. Algo que nos preocupa, nos entristece y nos enfada. Aunque en teor\u00eda el 10 de octubre de 2025 se firm\u00f3 un \u00abalto el fuego\u00bb, la realidad es bien diferente: mas de 600 muertos desde entonces, mas de 100 de ellos, ni\u00f1os, bombardeos constantes y destrucci\u00f3n continua de una ciudad que ha sido reducida a cenizas.<br><br>Tenemos la oportunidad de volver a hacer un evento ben\u00e9fico para recaudar fondos para la causa, para lidiar con la hambruna que desgraciadamente sigue siendo letal en la Franja de Gaza, y debemos aprovechar la oportunidad y las condiciones facilitadas por Caf\u00e9 la Palma para hacerlo.<br><br>Nos sentimos optimistas e inspiradxs por la creciente concienciaci\u00f3n y posicionamiento de diferentes naciones, as\u00ed como\u00a0 y el compromiso y m\u00faltiples boicots de figuras de la escena electr\u00f3nica, que demuestra que bailar en una pista es un acto pol\u00edtico. Por ello, el 20 de marzo volveremos a bailar al un\u00edsono para la causa, en una noche donde los 5 djs y el equipo de Kommune, trabajar\u00e1n de forma no remunerada para poder recaudar lo m\u00e1ximo posible para ayudar a la poblaci\u00f3n de Gaza. Las donaciones se destinar\u00e1n a ONGs nacionales e internacionales, y como en las dem\u00e1s ediciones, os iremos informando de todo el proceso.<br><br>Vuestros bailes no ser\u00e1n en vano, y la m\u00fasica, especialmente importante esta noche, correr\u00e1 a cargo de 5 de Dj\u2019s con una procedencia de lo m\u00e1s diversa:<br><br>Jawad_o (Palestina) B2B\u00a0<br>Yung Fudgy (Irlanda\/S\u00edria)<br>Ketcat (Ir\u00e1n)<br>findPeaks\u00a0 (Marruecos)<br>Wo Kem (Espa\u00f1a)<\/p>\n\n\n\n<p class=\"has-text-align-left wp-block-paragraph\"><br>\u201cWe aren\u2019t truly free until Palestine is free&nbsp;&#x1f54a;&#xfe0f;&nbsp;&#x1f1f5;&#x1f1f8;<\/p>\n<\/div>\n<\/div>\n\n\n\n<div style=\"height:100px\" aria-hidden=\"true\" class=\"wp-block-spacer\"><\/div>\n\n\n<h2 class=\"tribe-block__related-events__title\">Related Events<\/h2>\n\n<ul  class=\"tribe-related-events tribe-clearfix\" >\n\t\t\t<li>\n\t\n<div class=\"tribe-related-events-thumbnail\">\n\t<a href=\"https:\/\/www.cafelapalma.com\/en\/programacion\/fent-daboga-keruviin\/\" class=\"url\" rel=\"bookmark\" tabindex=\"-1\" aria-hidden=\"true\"><img loading=\"lazy\" decoding=\"async\" width=\"832\" height=\"1040\" src=\"https:\/\/www.cafelapalma.com\/wp-content\/uploads\/2026\/07\/cartel_concierto_03-09-832x1040.jpeg\" class=\"attachment-large size-large wp-post-image\" alt=\"\" \/><\/a>\n<\/div>\n\t<div class=\"tribe-related-event-info\">\n\t<h3 class=\"tribe-related-events-title\">\n\t\t<a href=\"https:\/\/www.cafelapalma.com\/en\/programacion\/fent-daboga-keruviin\/\" class=\"tribe-event-url\" rel=\"bookmark\">\n\t\t\tF\u20acNT + DABOGA + KERUVIIN\t\t<\/a>\n\t<\/h3>\n\t<span class=\"tribe-event-date-start\">3  September@21:00<\/span><span class=\"tribe-event-time\">23:59<\/span><\/div>\n<\/li>\n\t\t\t<li>\n\t\n<div class=\"tribe-related-events-thumbnail\">\n\t<a href=\"https:\/\/www.cafelapalma.com\/en\/programacion\/selected-layers-by-monkey-soul\/\" class=\"url\" rel=\"bookmark\" tabindex=\"-1\" aria-hidden=\"true\"><img loading=\"lazy\" decoding=\"async\" width=\"594\" height=\"1040\" src=\"https:\/\/www.cafelapalma.com\/wp-content\/uploads\/2026\/07\/pic1-e1785333628477-594x1040.png\" class=\"attachment-large size-large wp-post-image\" alt=\"\" \/><\/a>\n<\/div>\n\t<div class=\"tribe-related-event-info\">\n\t<h3 class=\"tribe-related-events-title\">\n\t\t<a href=\"https:\/\/www.cafelapalma.com\/en\/programacion\/selected-layers-by-monkey-soul\/\" class=\"tribe-event-url\" rel=\"bookmark\">\n\t\t\t\u00abSELECTED LAYERS\u00bb BY MONKEY SOUL\t\t<\/a>\n\t<\/h3>\n\t<span class=\"tribe-event-date-start\">3  September@23:55<\/span><\/div>\n<\/li>\n\t\t\t<li>\n\t\n<div class=\"tribe-related-events-thumbnail\">\n\t<a href=\"https:\/\/www.cafelapalma.com\/en\/programacion\/vertice-marta-canosa\/\" class=\"url\" rel=\"bookmark\" tabindex=\"-1\" aria-hidden=\"true\"><img loading=\"lazy\" decoding=\"async\" width=\"736\" height=\"1040\" src=\"https:\/\/www.cafelapalma.com\/wp-content\/uploads\/2026\/06\/Cartel_Vertice_Cafelapalma_Impresion_page-0001-1-736x1040.jpg\" class=\"attachment-large size-large wp-post-image\" alt=\"\" \/><\/a>\n<\/div>\n\t<div class=\"tribe-related-event-info\">\n\t<h3 class=\"tribe-related-events-title\">\n\t\t<a href=\"https:\/\/www.cafelapalma.com\/en\/programacion\/vertice-marta-canosa\/\" class=\"tribe-event-url\" rel=\"bookmark\">\n\t\t\tV\u00c9RTICE + MARTA CANOSA\t\t<\/a>\n\t<\/h3>\n\t<span class=\"tribe-event-date-start\">4  September@21:30<\/span><span class=\"tribe-event-time\">23:45<\/span><\/div>\n<\/li>\n\t<\/ul>","protected":false},"excerpt":{"rendered":"<p>Otro a\u00f1o m\u00e1s, sentimos la necesidad de levantar la voz por una causa que no deja de azotar casi a diario. El genocidio perpetrado sobre la naci\u00f3n palestina nos entristece. Algo que nos preocupa, nos entristece y nos enfada. Aunque en teor\u00eda el 10 de octubre de 2025 se firm\u00f3 un \u00abalto el fuego\u00bb, la &hellip; <\/p>","protected":false},"author":2,"featured_media":33424,"template":"","meta":{"_tec_requires_first_save":false,"_uag_custom_page_level_css":"","loftloader_page_shortcode":"","_EventAllDay":false,"_EventTimezone":"Europe\/Madrid","_EventStartDate":"2026-03-20 23:55:00","_EventEndDate":"2026-03-20 23:55:00","_EventStartDateUTC":"2026-03-20 22:55:00","_EventEndDateUTC":"2026-03-20 22:55:00","_EventShowMap":false,"_EventShowMapLink":false,"_EventURL":"https:\/\/www.notikumi.com\/channel\/cafe-la-palma\/2026\/3\/20\/komunne-por-palestina-findpeaks-yung-fundgy-jawad-o-ketcat-wo-kem","_EventCost":"ENTRADA LIBRE","_EventCostDescription":"","_EventCurrencySymbol":"\u20ac","_EventCurrencyCode":"USD","_EventCurrencyPosition":"suffix","_EventDateTimeSeparator":"@","_EventTimeRangeSeparator":"-","_EventOrganizerID":[],"_EventVenueID":[],"_OrganizerEmail":"","_OrganizerPhone":"","_OrganizerWebsite":"","_VenueAddress":"","_VenueCity":"","_VenueCountry":"","_VenueProvince":"","_VenueState":"","_VenueZip":"","_VenuePhone":"","_VenueURL":"","_VenueStateProvince":"","_VenueLat":"","_VenueLng":"","_VenueShowMap":false,"_VenueShowMapLink":false,"_tribe_blocks_recurrence_rules":"","_tribe_blocks_recurrence_description":"","_tribe_blocks_recurrence_exclusions":"","_ecp_custom_2":"","_tribe_events_status":"","_tribe_events_status_reason":"","_tribe_events_is_hybrid":"","_tribe_events_is_virtual":"","_tribe_events_virtual_video_source":"","_tribe_events_virtual_embed_video":"","_tribe_events_virtual_linked_button_text":"","_tribe_events_virtual_linked_button":"","_tribe_events_virtual_show_embed_at":"","_tribe_events_virtual_show_embed_to":[],"_tribe_events_virtual_show_on_event":"","_tribe_events_virtual_show_on_views":"","_tribe_events_virtual_url":"","footnotes":""},"tags":[1363,9225,9226,9227,1357,15004,15002,18351,18349,14876,9375,18350],"tribe_events_cat":[17986,8964],"class_list":["post-33423","tribe_events","type-tribe_events","status-publish","has-post-thumbnail","hentry","tag-cafe-la-palma","tag-cafe-la-palma-clubbing","tag-djs-madrid","tag-djs-malasana","tag-electronica","tag-findpeaks","tag-jawad_o","tag-ketcat","tag-komunne-for-palestine","tag-palestina","tag-wo-kem","tag-yung-fudgy","tribe_events_cat-benefico","tribe_events_cat-clubbing","cat_benefico","cat_clubbing"],"uagb_featured_image_src":{"full":["https:\/\/www.cafelapalma.com\/wp-content\/uploads\/2026\/02\/KOMMUNE-MARZO-2026-02-1-1.jpg",1125,1407,false],"thumbnail":["https:\/\/www.cafelapalma.com\/wp-content\/uploads\/2026\/02\/KOMMUNE-MARZO-2026-02-1-1-150x150.jpg",150,150,true],"medium":["https:\/\/www.cafelapalma.com\/wp-content\/uploads\/2026\/02\/KOMMUNE-MARZO-2026-02-1-1-240x300.jpg",240,300,true],"medium_large":["https:\/\/www.cafelapalma.com\/wp-content\/uploads\/2026\/02\/KOMMUNE-MARZO-2026-02-1-1-768x961.jpg",768,961,true],"large":["https:\/\/www.cafelapalma.com\/wp-content\/uploads\/2026\/02\/KOMMUNE-MARZO-2026-02-1-1-832x1040.jpg",832,1040,true],"1536x1536":["https:\/\/www.cafelapalma.com\/wp-content\/uploads\/2026\/02\/KOMMUNE-MARZO-2026-02-1-1.jpg",1125,1407,false],"2048x2048":["https:\/\/www.cafelapalma.com\/wp-content\/uploads\/2026\/02\/KOMMUNE-MARZO-2026-02-1-1.jpg",1125,1407,false],"trp-custom-language-flag":["https:\/\/www.cafelapalma.com\/wp-content\/uploads\/2026\/02\/KOMMUNE-MARZO-2026-02-1-1-10x12.jpg",10,12,true],"blossom-feminine-slider":["https:\/\/www.cafelapalma.com\/wp-content\/uploads\/2026\/02\/KOMMUNE-MARZO-2026-02-1-1-1125x649.jpg",1125,649,true],"blossom-feminine-featured":["https:\/\/www.cafelapalma.com\/wp-content\/uploads\/2026\/02\/KOMMUNE-MARZO-2026-02-1-1-1125x600.jpg",1125,600,true],"blossom-feminine-with-sidebar":["https:\/\/www.cafelapalma.com\/wp-content\/uploads\/2026\/02\/KOMMUNE-MARZO-2026-02-1-1-1020x600.jpg",1020,600,true],"blossom-feminine-blog":["https:\/\/www.cafelapalma.com\/wp-content\/uploads\/2026\/02\/KOMMUNE-MARZO-2026-02-1-1-435x435.jpg",435,435,true],"blossom-feminine-cat":["https:\/\/www.cafelapalma.com\/wp-content\/uploads\/2026\/02\/KOMMUNE-MARZO-2026-02-1-1-450x300.jpg",450,300,true],"blossom-feminine-related":["https:\/\/www.cafelapalma.com\/wp-content\/uploads\/2026\/02\/KOMMUNE-MARZO-2026-02-1-1-320x200.jpg",320,200,true],"blossom-feminine-schema":["https:\/\/www.cafelapalma.com\/wp-content\/uploads\/2026\/02\/KOMMUNE-MARZO-2026-02-1-1-48x60.jpg",48,60,true]},"uagb_author_info":{"display_name":"Victor","author_link":"https:\/\/www.cafelapalma.com\/en\/author\/comunicacion\/"},"uagb_comment_info":0,"uagb_excerpt":"Otro a\u00f1o m\u00e1s, sentimos la necesidad de levantar la voz por una causa que no deja de azotar casi a diario. El genocidio perpetrado sobre la naci\u00f3n palestina nos entristece. Algo que nos preocupa, nos entristece y nos enfada. Aunque en teor\u00eda el 10 de octubre de 2025 se firm\u00f3 un \u00abalto el fuego\u00bb, la&hellip;","_links":{"self":[{"href":"https:\/\/www.cafelapalma.com\/en\/wp-json\/wp\/v2\/tribe_events\/33423","targetHints":{"allow":["GET"]}}],"collection":[{"href":"https:\/\/www.cafelapalma.com\/en\/wp-json\/wp\/v2\/tribe_events"}],"about":[{"href":"https:\/\/www.cafelapalma.com\/en\/wp-json\/wp\/v2\/types\/tribe_events"}],"author":[{"embeddable":true,"href":"https:\/\/www.cafelapalma.com\/en\/wp-json\/wp\/v2\/users\/2"}],"version-history":[{"count":0,"href":"https:\/\/www.cafelapalma.com\/en\/wp-json\/wp\/v2\/tribe_events\/33423\/revisions"}],"wp:featuredmedia":[{"embeddable":true,"href":"https:\/\/www.cafelapalma.com\/en\/wp-json\/wp\/v2\/media\/33424"}],"wp:attachment":[{"href":"https:\/\/www.cafelapalma.com\/en\/wp-json\/wp\/v2\/media?parent=33423"}],"wp:term":[{"taxonomy":"post_tag","embeddable":true,"href":"https:\/\/www.cafelapalma.com\/en\/wp-json\/wp\/v2\/tags?post=33423"},{"taxonomy":"tribe_events_cat","embeddable":true,"href":"https:\/\/www.cafelapalma.com\/en\/wp-json\/wp\/v2\/tribe_events_cat?post=33423"}],"curies":[{"name":"wp","href":"https:\/\/api.w.org\/{rel}","templated":true}]}}