{"id":34819,"date":"2026-09-02T09:31:46","date_gmt":"2026-09-02T07:31:46","guid":{"rendered":"https:\/\/www.cafelapalma.com\/?post_type=tribe_events&#038;p=34819"},"modified":"2026-09-02T09:32:37","modified_gmt":"2026-09-02T07:32:37","slug":"filtro-ambar","status":"publish","type":"tribe_events","link":"https:\/\/www.cafelapalma.com\/en\/programacion\/filtro-ambar\/","title":{"rendered":"FILTRO \u00c1MBAR"},"content":{"rendered":"<div  class=\"tribe-events-schedule tribe-clearfix\" >\n\t<p class=\"tribe-events-schedule__datetime\">\n\t\t<span class=\"tribe-events-schedule__date tribe-events-schedule__date--start\">\n\t\t\t4  October\t\t<\/span>\n\n\t\t\t\t\t<span class=\"tribe-events-schedule__separator tribe-events-schedule__separator--date\">\n\t\t\t\t@\t\t\t<\/span>\n\t\t\t<span class=\"tribe-events-schedule__time tribe-events-schedule__time--start\">\n\t\t\t\t20:30\t\t\t<\/span>\n\t\t\n\t\t\t\t\t\t\t\t\t<span class=\"tribe-events-schedule__separator tribe-events-schedule__separator--time\">\n\t\t\t\t\t&#8211;\t\t\t\t<\/span>\n\t\t\t\n\t\t\t\t\t\t\t<span class=\"tribe-events-schedule__time tribe-events-schedule__time--end\">\n\t\t\t\t\t23:00\t\t\t\t<\/span>\n\t\t\t\n\t\t\t\t\t\t<\/p>\n<\/div>\n\n\n<div  class=\"tribe-block tribe-block__event-price\" >\n\t\t\t<span class=\"tribe-block__event-price__cost\"> 10\u20ac <\/span>\n\t\t\t\t<span class=\"tribe-block__event-price__description\">+ gg Anticipada | 12\u20ac Taquilla<\/span>\n\t<\/div>\n\n\n\n<div class=\"wp-block-columns is-layout-flex wp-container-core-columns-is-layout-8f761849 wp-block-columns-is-layout-flex\">\n<div class=\"wp-block-column is-layout-flow wp-block-column-is-layout-flow\" style=\"flex-basis:33.33%\">\n<figure class=\"wp-block-image size-large\"><img loading=\"lazy\" decoding=\"async\" width=\"735\" height=\"1040\" src=\"https:\/\/www.cafelapalma.com\/wp-content\/uploads\/2026\/09\/cartel-A3-1-1-735x1040.png\" alt=\"\" class=\"wp-image-34820\" srcset=\"https:\/\/www.cafelapalma.com\/wp-content\/uploads\/2026\/09\/cartel-A3-1-1-735x1040.png 735w, https:\/\/www.cafelapalma.com\/wp-content\/uploads\/2026\/09\/cartel-A3-1-1-212x300.png 212w, https:\/\/www.cafelapalma.com\/wp-content\/uploads\/2026\/09\/cartel-A3-1-1-768x1087.png 768w, https:\/\/www.cafelapalma.com\/wp-content\/uploads\/2026\/09\/cartel-A3-1-1-8x12.png 8w, https:\/\/www.cafelapalma.com\/wp-content\/uploads\/2026\/09\/cartel-A3-1-1-42x60.png 42w, https:\/\/www.cafelapalma.com\/wp-content\/uploads\/2026\/09\/cartel-A3-1-1.png 1054w\" sizes=\"auto, (max-width: 735px) 100vw, 735px\" \/><\/figure>\n\n\n<div  class=\"tribe-block tribe-block__event-website\" >\n\t<a\n\t\thref=\"https:\/\/tickets.baila.fm\/filtro-ambar-en-madrid-2026\"\n\t\ttarget=\"_self\"\n\t\t\t>\n\t\tBUY TICKETS\t<\/a>\n<\/div>\n<\/div>\n\n\n\n<div class=\"wp-block-column is-layout-flow wp-block-column-is-layout-flow\" style=\"flex-basis:66.66%\">\n<div style=\"height:100px\" aria-hidden=\"true\" class=\"wp-block-spacer\"><\/div>\n\n\n\n<p class=\"has-text-align-left wp-block-paragraph\"><strong>Filtro \u00c1mbar<\/strong> es una banda de indie pop-rock liderada por Jabueno, compositor, cantante y guitarrista madrile\u00f1o, que apuesta por canciones donde las melod\u00edas, las guitarras y las letras son las aut\u00e9nticas protagonistas.<\/p>\n\n\n\n<p class=\"has-text-align-left wp-block-paragraph\">Tras una trayectoria de a\u00f1os sobre los escenarios, la banda inicia una nueva etapa art\u00edstica con la publicaci\u00f3n de su nuevo \u00e1lbum, Cuadernos de Viaje.<\/p>\n\n\n\n<p class=\"has-text-align-left wp-block-paragraph\">Este concierto marcar\u00e1 el regreso de Filtro \u00c1mbar a los escenarios y supondr\u00e1 la presentaci\u00f3n en directo de las nuevas canciones del \u00e1lbum, sin olvidar algunos de los temas m\u00e1s representativos de su anterior trabajo,<strong> La Bola<\/strong>, que formar\u00e1n parte de un repertorio pensado para recorrer la evoluci\u00f3n del grupo.<\/p>\n\n\n\n<p class=\"has-text-align-left wp-block-paragraph\">Un directo cargado de emoci\u00f3n, guitarras y la esencia del indie nacional, con el que la banda vuelve a encontrarse con su p\u00fablico mirando al futuro sin olvidar el camino recorrido.<\/p>\n\n\n\n<p class=\"has-text-align-right wp-block-paragraph\"><a href=\"https:\/\/open.spotify.com\/intl-es\/track\/2brtR4gnWMa5ZXHXbGNWob?si=917c2a8a60d84a01\"><em>Listen to <\/em><strong>Filtro \u00c1mbar<\/strong> <em>in <\/em><strong>Spotify<\/strong>.<\/a><\/p>\n<\/div>\n<\/div>\n\n\n<h2 class=\"tribe-block__related-events__title\">Related Events<\/h2>\n\n<ul  class=\"tribe-related-events tribe-clearfix\" >\n\t\t\t<li>\n\t\n<div class=\"tribe-related-events-thumbnail\">\n\t<a href=\"https:\/\/www.cafelapalma.com\/en\/programacion\/fent-daboga-keruviin\/\" class=\"url\" rel=\"bookmark\" tabindex=\"-1\" aria-hidden=\"true\"><img loading=\"lazy\" decoding=\"async\" width=\"832\" height=\"1040\" src=\"https:\/\/www.cafelapalma.com\/wp-content\/uploads\/2026\/07\/cartel_concierto_03-09-832x1040.jpeg\" class=\"attachment-large size-large wp-post-image\" alt=\"\" \/><\/a>\n<\/div>\n\t<div class=\"tribe-related-event-info\">\n\t<h3 class=\"tribe-related-events-title\">\n\t\t<a href=\"https:\/\/www.cafelapalma.com\/en\/programacion\/fent-daboga-keruviin\/\" class=\"tribe-event-url\" rel=\"bookmark\">\n\t\t\tF\u20acNT + DABOGA + KERUVIIN\t\t<\/a>\n\t<\/h3>\n\t<span class=\"tribe-event-date-start\">3  September@21:00<\/span><span class=\"tribe-event-time\">23:59<\/span><\/div>\n<\/li>\n\t\t\t<li>\n\t\n<div class=\"tribe-related-events-thumbnail\">\n\t<a href=\"https:\/\/www.cafelapalma.com\/en\/programacion\/vertice-marta-canosa\/\" class=\"url\" rel=\"bookmark\" tabindex=\"-1\" aria-hidden=\"true\"><img loading=\"lazy\" decoding=\"async\" width=\"736\" height=\"1040\" src=\"https:\/\/www.cafelapalma.com\/wp-content\/uploads\/2026\/06\/Cartel_Vertice_Cafelapalma_Impresion_page-0001-1-736x1040.jpg\" class=\"attachment-large size-large wp-post-image\" alt=\"\" \/><\/a>\n<\/div>\n\t<div class=\"tribe-related-event-info\">\n\t<h3 class=\"tribe-related-events-title\">\n\t\t<a href=\"https:\/\/www.cafelapalma.com\/en\/programacion\/vertice-marta-canosa\/\" class=\"tribe-event-url\" rel=\"bookmark\">\n\t\t\tV\u00c9RTICE + MARTA CANOSA\t\t<\/a>\n\t<\/h3>\n\t<span class=\"tribe-event-date-start\">4  September@21:30<\/span><span class=\"tribe-event-time\">23:45<\/span><\/div>\n<\/li>\n\t\t\t<li>\n\t\n<div class=\"tribe-related-events-thumbnail\">\n\t<a href=\"https:\/\/www.cafelapalma.com\/en\/programacion\/funkin-donuts\/\" class=\"url\" rel=\"bookmark\" tabindex=\"-1\" aria-hidden=\"true\"><img loading=\"lazy\" decoding=\"async\" width=\"693\" height=\"1040\" src=\"https:\/\/www.cafelapalma.com\/wp-content\/uploads\/2026\/07\/FD-vert2-bn-693x1040.jpg\" class=\"attachment-large size-large wp-post-image\" alt=\"\" \/><\/a>\n<\/div>\n\t<div class=\"tribe-related-event-info\">\n\t<h3 class=\"tribe-related-events-title\">\n\t\t<a href=\"https:\/\/www.cafelapalma.com\/en\/programacion\/funkin-donuts\/\" class=\"tribe-event-url\" rel=\"bookmark\">\n\t\t\tFUNKIN&#8217; DONUTS\t\t<\/a>\n\t<\/h3>\n\t<span class=\"tribe-event-date-start\">5  September@22:00<\/span><span class=\"tribe-event-time\">23:45<\/span><\/div>\n<\/li>\n\t<\/ul>","protected":false},"excerpt":{"rendered":"<p>Filtro \u00c1mbar es una banda de indie pop-rock liderada por Jabueno, compositor, cantante y guitarrista madrile\u00f1o, que apuesta por canciones donde las melod\u00edas, las guitarras y las letras son las aut\u00e9nticas protagonistas. Tras una trayectoria de a\u00f1os sobre los escenarios, la banda inicia una nueva etapa art\u00edstica con la publicaci\u00f3n de su nuevo \u00e1lbum, Cuadernos &hellip; <\/p>","protected":false},"author":2,"featured_media":34821,"template":"","meta":{"_tec_requires_first_save":false,"_uag_custom_page_level_css":"","loftloader_page_shortcode":"","_EventAllDay":false,"_EventTimezone":"Europe\/Madrid","_EventStartDate":"2026-10-04 20:30:00","_EventEndDate":"2026-10-04 23:00:00","_EventStartDateUTC":"2026-10-04 18:30:00","_EventEndDateUTC":"2026-10-04 21:00:00","_EventShowMap":false,"_EventShowMapLink":false,"_EventURL":"https:\/\/tickets.baila.fm\/filtro-ambar-en-madrid-2026","_EventCost":"10\u20ac","_EventCostDescription":"","_EventCurrencySymbol":"\u20ac","_EventCurrencyCode":"USD","_EventCurrencyPosition":"suffix","_EventDateTimeSeparator":"@","_EventTimeRangeSeparator":"-","_EventOrganizerID":[],"_EventVenueID":[],"_OrganizerEmail":"","_OrganizerPhone":"","_OrganizerWebsite":"","_VenueAddress":"","_VenueCity":"","_VenueCountry":"","_VenueProvince":"","_VenueState":"","_VenueZip":"","_VenuePhone":"","_VenueURL":"","_VenueStateProvince":"","_VenueLat":"","_VenueLng":"","_VenueShowMap":false,"_VenueShowMapLink":false,"_tribe_blocks_recurrence_rules":"","_tribe_blocks_recurrence_description":"","_tribe_blocks_recurrence_exclusions":"","_ecp_custom_2":"","_tribe_events_status":"","_tribe_events_status_reason":"","_tribe_events_is_hybrid":"","_tribe_events_is_virtual":"","_tribe_events_virtual_video_source":"","_tribe_events_virtual_embed_video":"","_tribe_events_virtual_linked_button_text":"","_tribe_events_virtual_linked_button":"","_tribe_events_virtual_show_embed_at":"","_tribe_events_virtual_show_embed_to":[],"_tribe_events_virtual_show_on_event":"","_tribe_events_virtual_show_on_views":"","_tribe_events_virtual_url":"","footnotes":""},"tags":[9147,9146,18850,18851,9164],"tribe_events_cat":[8963],"class_list":["post-34819","tribe_events","type-tribe_events","status-publish","has-post-thumbnail","hentry","tag-conciertos-madrid","tag-conciertos-malasana","tag-filtro-ambar","tag-la-bola","tag-pop-rock-2","tribe_events_cat-concierto","cat_concierto"],"uagb_featured_image_src":{"full":["https:\/\/www.cafelapalma.com\/wp-content\/uploads\/2026\/09\/Foto-1-2-1.png",1537,1023,false],"thumbnail":["https:\/\/www.cafelapalma.com\/wp-content\/uploads\/2026\/09\/Foto-1-2-1-150x150.png",150,150,true],"medium":["https:\/\/www.cafelapalma.com\/wp-content\/uploads\/2026\/09\/Foto-1-2-1-300x200.png",300,200,true],"medium_large":["https:\/\/www.cafelapalma.com\/wp-content\/uploads\/2026\/09\/Foto-1-2-1-768x511.png",768,511,true],"large":["https:\/\/www.cafelapalma.com\/wp-content\/uploads\/2026\/09\/Foto-1-2-1-1040x692.png",1020,679,true],"1536x1536":["https:\/\/www.cafelapalma.com\/wp-content\/uploads\/2026\/09\/Foto-1-2-1.png",1536,1022,false],"2048x2048":["https:\/\/www.cafelapalma.com\/wp-content\/uploads\/2026\/09\/Foto-1-2-1.png",1537,1023,false],"trp-custom-language-flag":["https:\/\/www.cafelapalma.com\/wp-content\/uploads\/2026\/09\/Foto-1-2-1-18x12.png",18,12,true],"blossom-feminine-slider":["https:\/\/www.cafelapalma.com\/wp-content\/uploads\/2026\/09\/Foto-1-2-1-1537x649.png",1537,649,true],"blossom-feminine-featured":["https:\/\/www.cafelapalma.com\/wp-content\/uploads\/2026\/09\/Foto-1-2-1-1410x600.png",1410,600,true],"blossom-feminine-with-sidebar":["https:\/\/www.cafelapalma.com\/wp-content\/uploads\/2026\/09\/Foto-1-2-1-1020x600.png",1020,600,true],"blossom-feminine-blog":["https:\/\/www.cafelapalma.com\/wp-content\/uploads\/2026\/09\/Foto-1-2-1-435x435.png",435,435,true],"blossom-feminine-cat":["https:\/\/www.cafelapalma.com\/wp-content\/uploads\/2026\/09\/Foto-1-2-1-450x300.png",450,300,true],"blossom-feminine-related":["https:\/\/www.cafelapalma.com\/wp-content\/uploads\/2026\/09\/Foto-1-2-1-320x200.png",320,200,true],"blossom-feminine-schema":["https:\/\/www.cafelapalma.com\/wp-content\/uploads\/2026\/09\/Foto-1-2-1-90x60.png",90,60,true]},"uagb_author_info":{"display_name":"Victor","author_link":"https:\/\/www.cafelapalma.com\/en\/author\/comunicacion\/"},"uagb_comment_info":0,"uagb_excerpt":"Filtro \u00c1mbar es una banda de indie pop-rock liderada por Jabueno, compositor, cantante y guitarrista madrile\u00f1o, que apuesta por canciones donde las melod\u00edas, las guitarras y las letras son las aut\u00e9nticas protagonistas. Tras una trayectoria de a\u00f1os sobre los escenarios, la banda inicia una nueva etapa art\u00edstica con la publicaci\u00f3n de su nuevo \u00e1lbum, Cuadernos&hellip;","_links":{"self":[{"href":"https:\/\/www.cafelapalma.com\/en\/wp-json\/wp\/v2\/tribe_events\/34819","targetHints":{"allow":["GET"]}}],"collection":[{"href":"https:\/\/www.cafelapalma.com\/en\/wp-json\/wp\/v2\/tribe_events"}],"about":[{"href":"https:\/\/www.cafelapalma.com\/en\/wp-json\/wp\/v2\/types\/tribe_events"}],"author":[{"embeddable":true,"href":"https:\/\/www.cafelapalma.com\/en\/wp-json\/wp\/v2\/users\/2"}],"version-history":[{"count":0,"href":"https:\/\/www.cafelapalma.com\/en\/wp-json\/wp\/v2\/tribe_events\/34819\/revisions"}],"wp:featuredmedia":[{"embeddable":true,"href":"https:\/\/www.cafelapalma.com\/en\/wp-json\/wp\/v2\/media\/34821"}],"wp:attachment":[{"href":"https:\/\/www.cafelapalma.com\/en\/wp-json\/wp\/v2\/media?parent=34819"}],"wp:term":[{"taxonomy":"post_tag","embeddable":true,"href":"https:\/\/www.cafelapalma.com\/en\/wp-json\/wp\/v2\/tags?post=34819"},{"taxonomy":"tribe_events_cat","embeddable":true,"href":"https:\/\/www.cafelapalma.com\/en\/wp-json\/wp\/v2\/tribe_events_cat?post=34819"}],"curies":[{"name":"wp","href":"https:\/\/api.w.org\/{rel}","templated":true}]}}