{"id":34831,"date":"2026-09-02T12:29:28","date_gmt":"2026-09-02T10:29:28","guid":{"rendered":"https:\/\/www.cafelapalma.com\/?post_type=tribe_events&#038;p=34831"},"modified":"2026-09-02T12:30:15","modified_gmt":"2026-09-02T10:30:15","slug":"migrasounds-audry-funk-andy-grey-la-jaguara-missex","status":"publish","type":"tribe_events","link":"https:\/\/www.cafelapalma.com\/en\/programacion\/migrasounds-audry-funk-andy-grey-la-jaguara-missex\/","title":{"rendered":"MIGRASOUNDS: AUDRY FUNK + ANDY GREY + LA JAGUARA + MISSEX"},"content":{"rendered":"<div  class=\"tribe-events-schedule tribe-clearfix\" >\n\t<p class=\"tribe-events-schedule__datetime\">\n\t\t<span class=\"tribe-events-schedule__date tribe-events-schedule__date--start\">\n\t\t\t2  October\t\t<\/span>\n\n\t\t\t\t\t<span class=\"tribe-events-schedule__separator tribe-events-schedule__separator--date\">\n\t\t\t\t@\t\t\t<\/span>\n\t\t\t<span class=\"tribe-events-schedule__time tribe-events-schedule__time--start\">\n\t\t\t\t23:59\t\t\t<\/span>\n\t\t\n\t\t\t<\/p>\n<\/div>\n\n\n<div  class=\"tribe-block tribe-block__event-price\" >\n\t\t\t<span class=\"tribe-block__event-price__cost\"> 13\u20ac <\/span>\n\t\t\t\t<span class=\"tribe-block__event-price__description\">+ gg Anticipada | 15\u20ac Taquilla de 00:00 a 02:00 | 16\u20ac Taquilla de 02:00 a cierre. Todos los tramos de entrada incluyen UNA CONSUMICI\u00d3N. Canjeable por DOS CERVEZAS DE BARRIL antes de las 02:00<\/span>\n\t<\/div>\n\n\n\n<div class=\"wp-block-columns is-layout-flex wp-container-core-columns-is-layout-8f761849 wp-block-columns-is-layout-flex\">\n<div class=\"wp-block-column is-layout-flow wp-block-column-is-layout-flow\" style=\"flex-basis:33.33%\">\n<figure class=\"wp-block-image size-large\"><img loading=\"lazy\" decoding=\"async\" width=\"735\" height=\"1040\" src=\"https:\/\/www.cafelapalma.com\/wp-content\/uploads\/2026\/09\/Historia-de-Instagram-Flyer-Fiesta-Moderno-Neon-Verde-Cartel-A3-vertical-2-735x1040.jpg\" alt=\"\" class=\"wp-image-34832\" srcset=\"https:\/\/www.cafelapalma.com\/wp-content\/uploads\/2026\/09\/Historia-de-Instagram-Flyer-Fiesta-Moderno-Neon-Verde-Cartel-A3-vertical-2-735x1040.jpg 735w, https:\/\/www.cafelapalma.com\/wp-content\/uploads\/2026\/09\/Historia-de-Instagram-Flyer-Fiesta-Moderno-Neon-Verde-Cartel-A3-vertical-2-212x300.jpg 212w, https:\/\/www.cafelapalma.com\/wp-content\/uploads\/2026\/09\/Historia-de-Instagram-Flyer-Fiesta-Moderno-Neon-Verde-Cartel-A3-vertical-2-768x1086.jpg 768w, https:\/\/www.cafelapalma.com\/wp-content\/uploads\/2026\/09\/Historia-de-Instagram-Flyer-Fiesta-Moderno-Neon-Verde-Cartel-A3-vertical-2-1086x1536.jpg 1086w, https:\/\/www.cafelapalma.com\/wp-content\/uploads\/2026\/09\/Historia-de-Instagram-Flyer-Fiesta-Moderno-Neon-Verde-Cartel-A3-vertical-2-8x12.jpg 8w, https:\/\/www.cafelapalma.com\/wp-content\/uploads\/2026\/09\/Historia-de-Instagram-Flyer-Fiesta-Moderno-Neon-Verde-Cartel-A3-vertical-2-42x60.jpg 42w, https:\/\/www.cafelapalma.com\/wp-content\/uploads\/2026\/09\/Historia-de-Instagram-Flyer-Fiesta-Moderno-Neon-Verde-Cartel-A3-vertical-2.jpg 1414w\" sizes=\"auto, (max-width: 735px) 100vw, 735px\" \/><\/figure>\n\n\n<div  class=\"tribe-block tribe-block__event-website\" >\n\t<a\n\t\thref=\"https:\/\/tickets.baila.fm\/migrasounds-audry-funk-andy-grey-la-jaguara-missex-en-madrid-2026\"\n\t\ttarget=\"_self\"\n\t\t\t>\n\t\tBUY TICKETS\t<\/a>\n<\/div>\n<\/div>\n\n\n\n<div class=\"wp-block-column is-layout-flow wp-block-column-is-layout-flow\" style=\"flex-basis:66.66%\">\n<div style=\"height:100px\" aria-hidden=\"true\" class=\"wp-block-spacer\"><\/div>\n\n\n\n<p class=\"has-text-align-left wp-block-paragraph\">Una noche donde la palabra, el ritmo y la pista de baile se encuentran para celebrar la fuerza de las mujeres y las disidencias en la m\u00fasica.<\/p>\n\n\n\n<p class=\"has-text-align-left wp-block-paragraph\">Las cantautoras <strong>Audry Funk<\/strong> y <strong>Missex<\/strong> abrir\u00e1n el encuentro con dos propuestas cargadas de identidad, conciencia y emoci\u00f3n. Desde el hip hop, el rap, la canci\u00f3n y los sonidos h\u00edbridos, sus actuaciones invitan a reflexionar, resistir y conectar a trav\u00e9s de historias que nacen de la experiencia, la memoria y el territorio.<\/p>\n\n\n\n<p class=\"has-text-align-left wp-block-paragraph\">La energ\u00eda continuar\u00e1 con los sets de las DJs <strong>Andy Grey<\/strong> y <strong>La Jaguara<\/strong>, quienes llevar\u00e1n el viaje sonoro hacia la pista de baile con una cuidada selecci\u00f3n de ritmos globales. Entre el bass, la electr\u00f3nica, los sonidos afro, latinoamericanos y caribe\u00f1os, construir\u00e1n una experiencia musical que invita a bailar como un acto de encuentro, celebraci\u00f3n y comunidad.<\/p>\n\n\n\n<p class=\"has-text-align-left wp-block-paragraph\">M\u00e1s que un concierto o una sesi\u00f3n de DJ, este evento propone un espacio para compartir, escuchar y moverse al ritmo de propuestas que amplifican voces diversas y apuestan por una cultura m\u00e1s inclusiva, libre y transformadora.<\/p>\n<\/div>\n<\/div>\n\n\n<h2 class=\"tribe-block__related-events__title\">Related Events<\/h2>\n\n<ul  class=\"tribe-related-events tribe-clearfix\" >\n\t\t\t<li>\n\t\n<div class=\"tribe-related-events-thumbnail\">\n\t<a href=\"https:\/\/www.cafelapalma.com\/en\/programacion\/fent-daboga-keruviin\/\" class=\"url\" rel=\"bookmark\" tabindex=\"-1\" aria-hidden=\"true\"><img loading=\"lazy\" decoding=\"async\" width=\"832\" height=\"1040\" src=\"https:\/\/www.cafelapalma.com\/wp-content\/uploads\/2026\/07\/cartel_concierto_03-09-832x1040.jpeg\" class=\"attachment-large size-large wp-post-image\" alt=\"\" \/><\/a>\n<\/div>\n\t<div class=\"tribe-related-event-info\">\n\t<h3 class=\"tribe-related-events-title\">\n\t\t<a href=\"https:\/\/www.cafelapalma.com\/en\/programacion\/fent-daboga-keruviin\/\" class=\"tribe-event-url\" rel=\"bookmark\">\n\t\t\tF\u20acNT + DABOGA + KERUVIIN\t\t<\/a>\n\t<\/h3>\n\t<span class=\"tribe-event-date-start\">3  September@21:00<\/span><span class=\"tribe-event-time\">23:59<\/span><\/div>\n<\/li>\n\t\t\t<li>\n\t\n<div class=\"tribe-related-events-thumbnail\">\n\t<a href=\"https:\/\/www.cafelapalma.com\/en\/programacion\/selected-layers-by-monkey-soul\/\" class=\"url\" rel=\"bookmark\" tabindex=\"-1\" aria-hidden=\"true\"><img loading=\"lazy\" decoding=\"async\" width=\"594\" height=\"1040\" src=\"https:\/\/www.cafelapalma.com\/wp-content\/uploads\/2026\/07\/pic1-e1785333628477-594x1040.png\" class=\"attachment-large size-large wp-post-image\" alt=\"\" \/><\/a>\n<\/div>\n\t<div class=\"tribe-related-event-info\">\n\t<h3 class=\"tribe-related-events-title\">\n\t\t<a href=\"https:\/\/www.cafelapalma.com\/en\/programacion\/selected-layers-by-monkey-soul\/\" class=\"tribe-event-url\" rel=\"bookmark\">\n\t\t\t\u00abSELECTED LAYERS\u00bb BY MONKEY SOUL\t\t<\/a>\n\t<\/h3>\n\t<span class=\"tribe-event-date-start\">3  September@23:55<\/span><\/div>\n<\/li>\n\t\t\t<li>\n\t\n<div class=\"tribe-related-events-thumbnail\">\n\t<a href=\"https:\/\/www.cafelapalma.com\/en\/programacion\/vertice-marta-canosa\/\" class=\"url\" rel=\"bookmark\" tabindex=\"-1\" aria-hidden=\"true\"><img loading=\"lazy\" decoding=\"async\" width=\"736\" height=\"1040\" src=\"https:\/\/www.cafelapalma.com\/wp-content\/uploads\/2026\/06\/Cartel_Vertice_Cafelapalma_Impresion_page-0001-1-736x1040.jpg\" class=\"attachment-large size-large wp-post-image\" alt=\"\" \/><\/a>\n<\/div>\n\t<div class=\"tribe-related-event-info\">\n\t<h3 class=\"tribe-related-events-title\">\n\t\t<a href=\"https:\/\/www.cafelapalma.com\/en\/programacion\/vertice-marta-canosa\/\" class=\"tribe-event-url\" rel=\"bookmark\">\n\t\t\tV\u00c9RTICE + MARTA CANOSA\t\t<\/a>\n\t<\/h3>\n\t<span class=\"tribe-event-date-start\">4  September@21:30<\/span><span class=\"tribe-event-time\">23:45<\/span><\/div>\n<\/li>\n\t<\/ul>","protected":false},"excerpt":{"rendered":"<p>Una noche donde la palabra, el ritmo y la pista de baile se encuentran para celebrar la fuerza de las mujeres y las disidencias en la m\u00fasica. Las cantautoras Audry Funk y Missex abrir\u00e1n el encuentro con dos propuestas cargadas de identidad, conciencia y emoci\u00f3n. Desde el hip hop, el rap, la canci\u00f3n y los &hellip; <\/p>","protected":false},"author":2,"featured_media":34833,"template":"","meta":{"_tec_requires_first_save":false,"_uag_custom_page_level_css":"","loftloader_page_shortcode":"","_EventAllDay":false,"_EventTimezone":"Europe\/Madrid","_EventStartDate":"2026-10-02 23:59:00","_EventEndDate":"2026-10-02 23:59:00","_EventStartDateUTC":"2026-10-02 21:59:00","_EventEndDateUTC":"2026-10-02 21:59:00","_EventShowMap":false,"_EventShowMapLink":false,"_EventURL":"https:\/\/tickets.baila.fm\/migrasounds-audry-funk-andy-grey-la-jaguara-missex-en-madrid-2026","_EventCost":"13\u20ac","_EventCostDescription":"","_EventCurrencySymbol":"\u20ac","_EventCurrencyCode":"USD","_EventCurrencyPosition":"suffix","_EventDateTimeSeparator":"@","_EventTimeRangeSeparator":"-","_EventOrganizerID":[],"_EventVenueID":[],"_OrganizerEmail":"","_OrganizerPhone":"","_OrganizerWebsite":"","_VenueAddress":"","_VenueCity":"","_VenueCountry":"","_VenueProvince":"","_VenueState":"","_VenueZip":"","_VenuePhone":"","_VenueURL":"","_VenueStateProvince":"","_VenueLat":"","_VenueLng":"","_VenueShowMap":false,"_VenueShowMapLink":false,"_tribe_blocks_recurrence_rules":"","_tribe_blocks_recurrence_description":"","_tribe_blocks_recurrence_exclusions":"","_ecp_custom_2":"","_tribe_events_status":"","_tribe_events_status_reason":"","_tribe_events_is_hybrid":"","_tribe_events_is_virtual":"","_tribe_events_virtual_video_source":"","_tribe_events_virtual_embed_video":"","_tribe_events_virtual_linked_button_text":"","_tribe_events_virtual_linked_button":"","_tribe_events_virtual_show_embed_at":"","_tribe_events_virtual_show_embed_to":[],"_tribe_events_virtual_show_on_event":"","_tribe_events_virtual_show_on_views":"","_tribe_events_virtual_url":"","footnotes":""},"tags":[12702,10541,18854,14066,1363,9225,18856,9226,9227,1357,18857,18855],"tribe_events_cat":[],"class_list":["post-34831","tribe_events","type-tribe_events","status-publish","has-post-thumbnail","hentry","tag-afrobeat","tag-andy-grey","tag-audry-funk","tag-bass","tag-cafe-la-palma","tag-cafe-la-palma-clubbing","tag-cantautoras","tag-djs-madrid","tag-djs-malasana","tag-electronica","tag-la-jaguara","tag-missex"],"uagb_featured_image_src":{"full":["https:\/\/www.cafelapalma.com\/wp-content\/uploads\/2026\/09\/16_Missex_Mafe_Espitia_mafesissy.jpg",4172,6257,false],"thumbnail":["https:\/\/www.cafelapalma.com\/wp-content\/uploads\/2026\/09\/16_Missex_Mafe_Espitia_mafesissy-150x150.jpg",150,150,true],"medium":["https:\/\/www.cafelapalma.com\/wp-content\/uploads\/2026\/09\/16_Missex_Mafe_Espitia_mafesissy-200x300.jpg",200,300,true],"medium_large":["https:\/\/www.cafelapalma.com\/wp-content\/uploads\/2026\/09\/16_Missex_Mafe_Espitia_mafesissy-768x1152.jpg",768,1152,true],"large":["https:\/\/www.cafelapalma.com\/wp-content\/uploads\/2026\/09\/16_Missex_Mafe_Espitia_mafesissy-693x1040.jpg",693,1040,true],"1536x1536":["https:\/\/www.cafelapalma.com\/wp-content\/uploads\/2026\/09\/16_Missex_Mafe_Espitia_mafesissy-1024x1536.jpg",1024,1536,true],"2048x2048":["https:\/\/www.cafelapalma.com\/wp-content\/uploads\/2026\/09\/16_Missex_Mafe_Espitia_mafesissy-1366x2048.jpg",1366,2048,true],"trp-custom-language-flag":["https:\/\/www.cafelapalma.com\/wp-content\/uploads\/2026\/09\/16_Missex_Mafe_Espitia_mafesissy-8x12.jpg",8,12,true],"blossom-feminine-slider":["https:\/\/www.cafelapalma.com\/wp-content\/uploads\/2026\/09\/16_Missex_Mafe_Espitia_mafesissy-1920x649.jpg",1920,649,true],"blossom-feminine-featured":["https:\/\/www.cafelapalma.com\/wp-content\/uploads\/2026\/09\/16_Missex_Mafe_Espitia_mafesissy-1410x600.jpg",1410,600,true],"blossom-feminine-with-sidebar":["https:\/\/www.cafelapalma.com\/wp-content\/uploads\/2026\/09\/16_Missex_Mafe_Espitia_mafesissy-1020x600.jpg",1020,600,true],"blossom-feminine-blog":["https:\/\/www.cafelapalma.com\/wp-content\/uploads\/2026\/09\/16_Missex_Mafe_Espitia_mafesissy-435x435.jpg",435,435,true],"blossom-feminine-cat":["https:\/\/www.cafelapalma.com\/wp-content\/uploads\/2026\/09\/16_Missex_Mafe_Espitia_mafesissy-450x300.jpg",450,300,true],"blossom-feminine-related":["https:\/\/www.cafelapalma.com\/wp-content\/uploads\/2026\/09\/16_Missex_Mafe_Espitia_mafesissy-320x200.jpg",320,200,true],"blossom-feminine-schema":["https:\/\/www.cafelapalma.com\/wp-content\/uploads\/2026\/09\/16_Missex_Mafe_Espitia_mafesissy-40x60.jpg",40,60,true]},"uagb_author_info":{"display_name":"Victor","author_link":"https:\/\/www.cafelapalma.com\/en\/author\/comunicacion\/"},"uagb_comment_info":0,"uagb_excerpt":"Una noche donde la palabra, el ritmo y la pista de baile se encuentran para celebrar la fuerza de las mujeres y las disidencias en la m\u00fasica. Las cantautoras Audry Funk y Missex abrir\u00e1n el encuentro con dos propuestas cargadas de identidad, conciencia y emoci\u00f3n. Desde el hip hop, el rap, la canci\u00f3n y los&hellip;","_links":{"self":[{"href":"https:\/\/www.cafelapalma.com\/en\/wp-json\/wp\/v2\/tribe_events\/34831","targetHints":{"allow":["GET"]}}],"collection":[{"href":"https:\/\/www.cafelapalma.com\/en\/wp-json\/wp\/v2\/tribe_events"}],"about":[{"href":"https:\/\/www.cafelapalma.com\/en\/wp-json\/wp\/v2\/types\/tribe_events"}],"author":[{"embeddable":true,"href":"https:\/\/www.cafelapalma.com\/en\/wp-json\/wp\/v2\/users\/2"}],"version-history":[{"count":0,"href":"https:\/\/www.cafelapalma.com\/en\/wp-json\/wp\/v2\/tribe_events\/34831\/revisions"}],"wp:featuredmedia":[{"embeddable":true,"href":"https:\/\/www.cafelapalma.com\/en\/wp-json\/wp\/v2\/media\/34833"}],"wp:attachment":[{"href":"https:\/\/www.cafelapalma.com\/en\/wp-json\/wp\/v2\/media?parent=34831"}],"wp:term":[{"taxonomy":"post_tag","embeddable":true,"href":"https:\/\/www.cafelapalma.com\/en\/wp-json\/wp\/v2\/tags?post=34831"},{"taxonomy":"tribe_events_cat","embeddable":true,"href":"https:\/\/www.cafelapalma.com\/en\/wp-json\/wp\/v2\/tribe_events_cat?post=34831"}],"curies":[{"name":"wp","href":"https:\/\/api.w.org\/{rel}","templated":true}]}}