{"id":34835,"date":"2026-09-02T15:44:09","date_gmt":"2026-09-02T13:44:09","guid":{"rendered":"https:\/\/www.cafelapalma.com\/?post_type=tribe_events&#038;p=34835"},"modified":"2026-09-02T15:46:48","modified_gmt":"2026-09-02T13:46:48","slug":"teleclub-sam-s-adrien-calvet","status":"publish","type":"tribe_events","link":"https:\/\/www.cafelapalma.com\/en\/programacion\/teleclub-sam-s-adrien-calvet\/","title":{"rendered":"TELECLUB: SAM S + ADRIEN CALVET"},"content":{"rendered":"<div  class=\"tribe-events-schedule tribe-clearfix\" >\n\t<p class=\"tribe-events-schedule__datetime\">\n\t\t<span class=\"tribe-events-schedule__date tribe-events-schedule__date--start\">\n\t\t\t3  October\t\t<\/span>\n\n\t\t\t\t\t<span class=\"tribe-events-schedule__separator tribe-events-schedule__separator--date\">\n\t\t\t\t@\t\t\t<\/span>\n\t\t\t<span class=\"tribe-events-schedule__time tribe-events-schedule__time--start\">\n\t\t\t\t23:59\t\t\t<\/span>\n\t\t\n\t\t\t<\/p>\n<\/div>\n\n\n<div  class=\"tribe-block tribe-block__event-price\" >\n\t\t\t<span class=\"tribe-block__event-price__cost\"> 16\u20ac <\/span>\n\t\t\t\t<span class=\"tribe-block__event-price__description\">+ gg Anticipada (incluye DOS CERVEZAS o UNA COPA antes de las 02:00) | 18\u20ac Taquilla de 00:00 a 5:30 (incluye DOS CERVEZAS)<\/span>\n\t<\/div>\n\n\n\n<div class=\"wp-block-columns is-layout-flex wp-container-core-columns-is-layout-8f761849 wp-block-columns-is-layout-flex\">\n<div class=\"wp-block-column is-layout-flow wp-block-column-is-layout-flow\" style=\"flex-basis:33.33%\">\n<figure class=\"wp-block-image size-large\"><img loading=\"lazy\" decoding=\"async\" width=\"752\" height=\"1040\" src=\"https:\/\/www.cafelapalma.com\/wp-content\/uploads\/2026\/09\/teleclub-cartel_page-0001-1-752x1040.jpg\" alt=\"\" class=\"wp-image-34836\" srcset=\"https:\/\/www.cafelapalma.com\/wp-content\/uploads\/2026\/09\/teleclub-cartel_page-0001-1-752x1040.jpg 752w, https:\/\/www.cafelapalma.com\/wp-content\/uploads\/2026\/09\/teleclub-cartel_page-0001-1-217x300.jpg 217w, https:\/\/www.cafelapalma.com\/wp-content\/uploads\/2026\/09\/teleclub-cartel_page-0001-1-768x1062.jpg 768w, https:\/\/www.cafelapalma.com\/wp-content\/uploads\/2026\/09\/teleclub-cartel_page-0001-1-9x12.jpg 9w, https:\/\/www.cafelapalma.com\/wp-content\/uploads\/2026\/09\/teleclub-cartel_page-0001-1-1110x1536.jpg 1110w, https:\/\/www.cafelapalma.com\/wp-content\/uploads\/2026\/09\/teleclub-cartel_page-0001-1-1480x2048.jpg 1480w, https:\/\/www.cafelapalma.com\/wp-content\/uploads\/2026\/09\/teleclub-cartel_page-0001-1-43x60.jpg 43w, https:\/\/www.cafelapalma.com\/wp-content\/uploads\/2026\/09\/teleclub-cartel_page-0001-1.jpg 1893w\" sizes=\"auto, (max-width: 752px) 100vw, 752px\" \/><\/figure>\n\n\n<div  class=\"tribe-block tribe-block__event-website\" >\n\t<a\n\t\thref=\"https:\/\/tickets.baila.fm\/teleclub-adrien-calvet-sam-s-en-madrid-2026\"\n\t\ttarget=\"_self\"\n\t\t\t>\n\t\tBUY TICKETS\t<\/a>\n<\/div>\n<\/div>\n\n\n\n<div class=\"wp-block-column is-layout-flow wp-block-column-is-layout-flow\" style=\"flex-basis:66.66%\">\n<div style=\"height:100px\" aria-hidden=\"true\" class=\"wp-block-spacer\"><\/div>\n\n\n\n<p class=\"has-text-align-left wp-block-paragraph\"><strong>Teleclub <\/strong>nace con la intenci\u00f3n de devolver la m\u00fasica al centro de la experiencia. Alejada de las f\u00f3rmulas comerciales, apuesta por noches donde lo importante sea el sonido y el baile.<\/p>\n\n\n\n<p class=\"has-text-align-left wp-block-paragraph\">Su identidad se construye alrededor del house m\u00e1s underground, con influencias de electro, acid y techno, siempre con un enfoque claro: m\u00fasica hecha para la pista.<\/p>\n\n\n\n<p class=\"has-text-align-left wp-block-paragraph\"><strong>Adrien Calvet<\/strong>: Talentoso productor y DJ, es un artista y director de sello discogr\u00e1fico al que hay que seguir de cerca en el panorama musical franc\u00e9s.<\/p>\n\n\n\n<p class=\"has-text-align-left wp-block-paragraph\">Tras ganarse sus galones en Nueva York como residente en Elsewhere y TBA Brooklyn, ahora contin\u00faa su carrera en Francia, desarrollando su universo futurista en el estudio mientras realiza giras por Europa, Asia y Am\u00e9rica. Consolid\u00f3 su lugar en la escena con seis lanzamientos en su propio sello de vinilos: Stay At Home Records. Como DJ busca joyas ocultas y como productor perfecciona su propio universo sonoro, es precisamente en la combinaci\u00f3n de ambas facetas donde ha forjado su identidad art\u00edstica, gan\u00e1ndose el reconocimiento de la comunidad underground gracias a una serie de lanzamientos muy esperados.<\/p>\n\n\n\n<p class=\"has-text-align-left wp-block-paragraph\"><strong>Sam S<\/strong>: DJ y productor que ha pasado por importantes cabinas de Madrid, Berlin, Barcelona&#8230;compartiendo cabina con referentes de primer nivel como Traumer, East End Dubs, Leo Pol, Vitess, Archie Hamilton, Harrison BDP&#8230;entre otros. Sus sesiones basadas en puro house de club con sonidos electro, acid y techno, est\u00e1n llenas de aut\u00e9nticas joyas de crate digging creadas para la pista.<\/p>\n\n\n\n<p class=\"wp-block-paragraph\"><\/p>\n\n\n\n<p class=\"has-text-align-right wp-block-paragraph\"><a href=\"https:\/\/www.instagram.com\/adriencalvet\/\"><em>Sigue a<\/em> <strong>Adrian Clavet <\/strong><em>in <\/em><strong>Instagram<\/strong>.<\/a><\/p>\n\n\n\n<p class=\"has-text-align-right wp-block-paragraph\"><a href=\"https:\/\/www.instagram.com\/_.sam.s\/?hl=es\"><em>Sigue a<\/em> <strong>Sam S <\/strong><em>in <\/em><strong>Instagram<\/strong>.<\/a><\/p>\n<\/div>\n<\/div>\n\n\n<h2 class=\"tribe-block__related-events__title\">Related Events<\/h2>\n\n<ul  class=\"tribe-related-events tribe-clearfix\" >\n\t\t\t<li>\n\t\n<div class=\"tribe-related-events-thumbnail\">\n\t<a href=\"https:\/\/www.cafelapalma.com\/en\/programacion\/fent-daboga-keruviin\/\" class=\"url\" rel=\"bookmark\" tabindex=\"-1\" aria-hidden=\"true\"><img loading=\"lazy\" decoding=\"async\" width=\"832\" height=\"1040\" src=\"https:\/\/www.cafelapalma.com\/wp-content\/uploads\/2026\/07\/cartel_concierto_03-09-832x1040.jpeg\" class=\"attachment-large size-large wp-post-image\" alt=\"\" \/><\/a>\n<\/div>\n\t<div class=\"tribe-related-event-info\">\n\t<h3 class=\"tribe-related-events-title\">\n\t\t<a href=\"https:\/\/www.cafelapalma.com\/en\/programacion\/fent-daboga-keruviin\/\" class=\"tribe-event-url\" rel=\"bookmark\">\n\t\t\tF\u20acNT + DABOGA + KERUVIIN\t\t<\/a>\n\t<\/h3>\n\t<span class=\"tribe-event-date-start\">3  September@21:00<\/span><span class=\"tribe-event-time\">23:59<\/span><\/div>\n<\/li>\n\t\t\t<li>\n\t\n<div class=\"tribe-related-events-thumbnail\">\n\t<a href=\"https:\/\/www.cafelapalma.com\/en\/programacion\/selected-layers-by-monkey-soul\/\" class=\"url\" rel=\"bookmark\" tabindex=\"-1\" aria-hidden=\"true\"><img loading=\"lazy\" decoding=\"async\" width=\"594\" height=\"1040\" src=\"https:\/\/www.cafelapalma.com\/wp-content\/uploads\/2026\/07\/pic1-e1785333628477-594x1040.png\" class=\"attachment-large size-large wp-post-image\" alt=\"\" \/><\/a>\n<\/div>\n\t<div class=\"tribe-related-event-info\">\n\t<h3 class=\"tribe-related-events-title\">\n\t\t<a href=\"https:\/\/www.cafelapalma.com\/en\/programacion\/selected-layers-by-monkey-soul\/\" class=\"tribe-event-url\" rel=\"bookmark\">\n\t\t\t\u00abSELECTED LAYERS\u00bb BY MONKEY SOUL\t\t<\/a>\n\t<\/h3>\n\t<span class=\"tribe-event-date-start\">3  September@23:55<\/span><\/div>\n<\/li>\n\t\t\t<li>\n\t\n<div class=\"tribe-related-events-thumbnail\">\n\t<a href=\"https:\/\/www.cafelapalma.com\/en\/programacion\/vertice-marta-canosa\/\" class=\"url\" rel=\"bookmark\" tabindex=\"-1\" aria-hidden=\"true\"><img loading=\"lazy\" decoding=\"async\" width=\"736\" height=\"1040\" src=\"https:\/\/www.cafelapalma.com\/wp-content\/uploads\/2026\/06\/Cartel_Vertice_Cafelapalma_Impresion_page-0001-1-736x1040.jpg\" class=\"attachment-large size-large wp-post-image\" alt=\"\" \/><\/a>\n<\/div>\n\t<div class=\"tribe-related-event-info\">\n\t<h3 class=\"tribe-related-events-title\">\n\t\t<a href=\"https:\/\/www.cafelapalma.com\/en\/programacion\/vertice-marta-canosa\/\" class=\"tribe-event-url\" rel=\"bookmark\">\n\t\t\tV\u00c9RTICE + MARTA CANOSA\t\t<\/a>\n\t<\/h3>\n\t<span class=\"tribe-event-date-start\">4  September@21:30<\/span><span class=\"tribe-event-time\">23:45<\/span><\/div>\n<\/li>\n\t<\/ul>","protected":false},"excerpt":{"rendered":"<p>Teleclub nace con la intenci\u00f3n de devolver la m\u00fasica al centro de la experiencia. Alejada de las f\u00f3rmulas comerciales, apuesta por noches donde lo importante sea el sonido y el baile. Su identidad se construye alrededor del house m\u00e1s underground, con influencias de electro, acid y techno, siempre con un enfoque claro: m\u00fasica hecha para &hellip; <\/p>","protected":false},"author":2,"featured_media":34836,"template":"","meta":{"_tec_requires_first_save":false,"_uag_custom_page_level_css":"","loftloader_page_shortcode":"","_EventAllDay":false,"_EventTimezone":"Europe\/Madrid","_EventStartDate":"2026-10-03 23:59:00","_EventEndDate":"2026-10-03 23:59:00","_EventStartDateUTC":"2026-10-03 21:59:00","_EventEndDateUTC":"2026-10-03 21:59:00","_EventShowMap":false,"_EventShowMapLink":false,"_EventURL":"https:\/\/tickets.baila.fm\/teleclub-adrien-calvet-sam-s-en-madrid-2026","_EventCost":"16","_EventCostDescription":"","_EventCurrencySymbol":"\u20ac","_EventCurrencyCode":"USD","_EventCurrencyPosition":"suffix","_EventDateTimeSeparator":"@","_EventTimeRangeSeparator":"-","_EventOrganizerID":[],"_EventVenueID":[],"_OrganizerEmail":"","_OrganizerPhone":"","_OrganizerWebsite":"","_VenueAddress":"","_VenueCity":"","_VenueCountry":"","_VenueProvince":"","_VenueState":"","_VenueZip":"","_VenuePhone":"","_VenueURL":"","_VenueStateProvince":"","_VenueLat":"","_VenueLng":"","_VenueShowMap":false,"_VenueShowMapLink":false,"_tribe_blocks_recurrence_rules":"","_tribe_blocks_recurrence_description":"","_tribe_blocks_recurrence_exclusions":"","_ecp_custom_2":"","_tribe_events_status":"","_tribe_events_status_reason":"","_tribe_events_is_hybrid":"","_tribe_events_is_virtual":"","_tribe_events_virtual_video_source":"","_tribe_events_virtual_embed_video":"","_tribe_events_virtual_linked_button_text":"","_tribe_events_virtual_linked_button":"","_tribe_events_virtual_show_embed_at":"","_tribe_events_virtual_show_embed_to":[],"_tribe_events_virtual_show_on_event":"","_tribe_events_virtual_show_on_views":"","_tribe_events_virtual_url":"","footnotes":""},"tags":[18864,1363,9225,1357,15517],"tribe_events_cat":[8964],"class_list":["post-34835","tribe_events","type-tribe_events","status-publish","has-post-thumbnail","hentry","tag-adrien-calvet","tag-cafe-la-palma","tag-cafe-la-palma-clubbing","tag-electronica","tag-sam-s","tribe_events_cat-clubbing","cat_clubbing"],"uagb_featured_image_src":{"full":["https:\/\/www.cafelapalma.com\/wp-content\/uploads\/2026\/09\/teleclub-cartel_page-0001-1.jpg",1893,2619,false],"thumbnail":["https:\/\/www.cafelapalma.com\/wp-content\/uploads\/2026\/09\/teleclub-cartel_page-0001-1-150x150.jpg",150,150,true],"medium":["https:\/\/www.cafelapalma.com\/wp-content\/uploads\/2026\/09\/teleclub-cartel_page-0001-1-217x300.jpg",217,300,true],"medium_large":["https:\/\/www.cafelapalma.com\/wp-content\/uploads\/2026\/09\/teleclub-cartel_page-0001-1-768x1062.jpg",768,1062,true],"large":["https:\/\/www.cafelapalma.com\/wp-content\/uploads\/2026\/09\/teleclub-cartel_page-0001-1-752x1040.jpg",752,1040,true],"1536x1536":["https:\/\/www.cafelapalma.com\/wp-content\/uploads\/2026\/09\/teleclub-cartel_page-0001-1-1110x1536.jpg",1110,1536,true],"2048x2048":["https:\/\/www.cafelapalma.com\/wp-content\/uploads\/2026\/09\/teleclub-cartel_page-0001-1-1480x2048.jpg",1480,2048,true],"trp-custom-language-flag":["https:\/\/www.cafelapalma.com\/wp-content\/uploads\/2026\/09\/teleclub-cartel_page-0001-1-9x12.jpg",9,12,true],"blossom-feminine-slider":["https:\/\/www.cafelapalma.com\/wp-content\/uploads\/2026\/09\/teleclub-cartel_page-0001-1-1893x649.jpg",1893,649,true],"blossom-feminine-featured":["https:\/\/www.cafelapalma.com\/wp-content\/uploads\/2026\/09\/teleclub-cartel_page-0001-1-1410x600.jpg",1410,600,true],"blossom-feminine-with-sidebar":["https:\/\/www.cafelapalma.com\/wp-content\/uploads\/2026\/09\/teleclub-cartel_page-0001-1-1020x600.jpg",1020,600,true],"blossom-feminine-blog":["https:\/\/www.cafelapalma.com\/wp-content\/uploads\/2026\/09\/teleclub-cartel_page-0001-1-435x435.jpg",435,435,true],"blossom-feminine-cat":["https:\/\/www.cafelapalma.com\/wp-content\/uploads\/2026\/09\/teleclub-cartel_page-0001-1-450x300.jpg",450,300,true],"blossom-feminine-related":["https:\/\/www.cafelapalma.com\/wp-content\/uploads\/2026\/09\/teleclub-cartel_page-0001-1-320x200.jpg",320,200,true],"blossom-feminine-schema":["https:\/\/www.cafelapalma.com\/wp-content\/uploads\/2026\/09\/teleclub-cartel_page-0001-1-43x60.jpg",43,60,true]},"uagb_author_info":{"display_name":"Victor","author_link":"https:\/\/www.cafelapalma.com\/en\/author\/comunicacion\/"},"uagb_comment_info":0,"uagb_excerpt":"Teleclub nace con la intenci\u00f3n de devolver la m\u00fasica al centro de la experiencia. Alejada de las f\u00f3rmulas comerciales, apuesta por noches donde lo importante sea el sonido y el baile. Su identidad se construye alrededor del house m\u00e1s underground, con influencias de electro, acid y techno, siempre con un enfoque claro: m\u00fasica hecha para&hellip;","_links":{"self":[{"href":"https:\/\/www.cafelapalma.com\/en\/wp-json\/wp\/v2\/tribe_events\/34835","targetHints":{"allow":["GET"]}}],"collection":[{"href":"https:\/\/www.cafelapalma.com\/en\/wp-json\/wp\/v2\/tribe_events"}],"about":[{"href":"https:\/\/www.cafelapalma.com\/en\/wp-json\/wp\/v2\/types\/tribe_events"}],"author":[{"embeddable":true,"href":"https:\/\/www.cafelapalma.com\/en\/wp-json\/wp\/v2\/users\/2"}],"version-history":[{"count":2,"href":"https:\/\/www.cafelapalma.com\/en\/wp-json\/wp\/v2\/tribe_events\/34835\/revisions"}],"predecessor-version":[{"id":34842,"href":"https:\/\/www.cafelapalma.com\/en\/wp-json\/wp\/v2\/tribe_events\/34835\/revisions\/34842"}],"wp:featuredmedia":[{"embeddable":true,"href":"https:\/\/www.cafelapalma.com\/en\/wp-json\/wp\/v2\/media\/34836"}],"wp:attachment":[{"href":"https:\/\/www.cafelapalma.com\/en\/wp-json\/wp\/v2\/media?parent=34835"}],"wp:term":[{"taxonomy":"post_tag","embeddable":true,"href":"https:\/\/www.cafelapalma.com\/en\/wp-json\/wp\/v2\/tags?post=34835"},{"taxonomy":"tribe_events_cat","embeddable":true,"href":"https:\/\/www.cafelapalma.com\/en\/wp-json\/wp\/v2\/tribe_events_cat?post=34835"}],"curies":[{"name":"wp","href":"https:\/\/api.w.org\/{rel}","templated":true}]}}