{"id":34837,"date":"2026-09-02T14:09:50","date_gmt":"2026-09-02T12:09:50","guid":{"rendered":"https:\/\/www.cafelapalma.com\/?post_type=tribe_events&#038;p=34837"},"modified":"2026-09-02T14:10:22","modified_gmt":"2026-09-02T12:10:22","slug":"las-manos-de-begona-robledo-casal","status":"publish","type":"tribe_events","link":"https:\/\/www.cafelapalma.com\/en\/programacion\/las-manos-de-begona-robledo-casal\/","title":{"rendered":"LAS MANOS DE BEGO\u00d1A ROBLEDO CASAL"},"content":{"rendered":"<div  class=\"tribe-events-schedule tribe-clearfix\" >\n\t<p class=\"tribe-events-schedule__datetime\">\n\t\t<span class=\"tribe-events-schedule__date tribe-events-schedule__date--start\">\n\t\t\t2  September\t\t<\/span>\n\n\t\t\t\t\t<span class=\"tribe-events-schedule__separator tribe-events-schedule__separator--date\">\n\t\t\t\t@\t\t\t<\/span>\n\t\t\t<span class=\"tribe-events-schedule__time tribe-events-schedule__time--start\">\n\t\t\t\t08:00\t\t\t<\/span>\n\t\t\n\t\t\t\t\t\t\t\t\t<span class=\"tribe-events-schedule__separator tribe-events-schedule__separator--time\">\n\t\t\t\t\t&#8211;\t\t\t\t<\/span>\n\t\t\t\n\t\t\t\t\t\t\t<span class=\"tribe-events-schedule__date tribe-events-schedule__date--end\">\n\t\t\t\t\t27  September\t\t\t\t<\/span>\n\n\t\t\t\t\t\t\t\t\t<span class=\"tribe-events-schedule__separator tribe-events-schedule__separator--date\">\n\t\t\t\t\t\t@\t\t\t\t\t<\/span>\n\t\t\t\t\t<span class=\"tribe-events-schedule__time tribe-events-schedule__time--end\">\n\t\t\t\t\t\t17:00\t\t\t\t\t<\/span>\n\t\t\t\t\n\t\t\t\n\t\t\t\t\t\t<\/p>\n<\/div>\n\n\n<div  class=\"tribe-block tribe-block__event-price\" >\n\t\t\t<span class=\"tribe-block__event-price__cost\"> ENTRADA LIBRE <\/span>\n\t\t<\/div>\n\n\n\n<div class=\"wp-block-columns is-layout-flex wp-container-core-columns-is-layout-8f761849 wp-block-columns-is-layout-flex\">\n<div class=\"wp-block-column is-layout-flow wp-block-column-is-layout-flow\" style=\"flex-basis:33.33%\">\n<figure class=\"wp-block-image size-large\"><img loading=\"lazy\" decoding=\"async\" width=\"735\" height=\"1040\" src=\"https:\/\/www.cafelapalma.com\/wp-content\/uploads\/2026\/09\/poster-expo-manos-735x1040.jpg\" alt=\"\" class=\"wp-image-34838\" srcset=\"https:\/\/www.cafelapalma.com\/wp-content\/uploads\/2026\/09\/poster-expo-manos-735x1040.jpg 735w, https:\/\/www.cafelapalma.com\/wp-content\/uploads\/2026\/09\/poster-expo-manos-212x300.jpg 212w, https:\/\/www.cafelapalma.com\/wp-content\/uploads\/2026\/09\/poster-expo-manos-768x1086.jpg 768w, https:\/\/www.cafelapalma.com\/wp-content\/uploads\/2026\/09\/poster-expo-manos-1086x1536.jpg 1086w, https:\/\/www.cafelapalma.com\/wp-content\/uploads\/2026\/09\/poster-expo-manos-8x12.jpg 8w, https:\/\/www.cafelapalma.com\/wp-content\/uploads\/2026\/09\/poster-expo-manos-1448x2048.jpg 1448w, https:\/\/www.cafelapalma.com\/wp-content\/uploads\/2026\/09\/poster-expo-manos-42x60.jpg 42w\" sizes=\"auto, (max-width: 735px) 100vw, 735px\" \/><\/figure>\n<\/div>\n\n\n\n<div class=\"wp-block-column is-layout-flow wp-block-column-is-layout-flow\" style=\"flex-basis:66.66%\">\n<div style=\"height:100px\" aria-hidden=\"true\" class=\"wp-block-spacer\"><\/div>\n\n\n\n<p class=\"has-text-align-left wp-block-paragraph\"><strong>Bego\u00f1a Robledo Casal<\/strong>, nacida en Madrid en 1998, es una artista que lleva quince a\u00f1os trabajando en sus propios proyectos visuales y literarios. Ambas facetas se retroalimentan para crear un mundo cada vez m\u00e1s lleno de significantes aislados. La mayor parte su producci\u00f3n, como un iceberg, no sale a la luz por decisi\u00f3n propia. Algunos de sus relatos han aparecido en\u00a0<em>Orgullo zombie<\/em>,\u00a0<em>Atlas 10<\/em>\u00a0y\u00a0<em>III Premio Ripley. Relatos de ciencia ficci\u00f3n y terror<\/em>. Form\u00f3 parte del c\u00edrculo literario La Necropia hasta su disoluci\u00f3n.\u00a0<em>Las manos<\/em>, una colecci\u00f3n de collages digitales, es su primera exposici\u00f3n de cara al p\u00fablico.<\/p>\n<\/div>\n<\/div>","protected":false},"excerpt":{"rendered":"<p>Bego\u00f1a Robledo Casal, nacida en Madrid en 1998, es una artista que lleva quince a\u00f1os trabajando en sus propios proyectos visuales y literarios. Ambas facetas se retroalimentan para crear un mundo cada vez m\u00e1s lleno de significantes aislados. La mayor parte su producci\u00f3n, como un iceberg, no sale a la luz por decisi\u00f3n propia. Algunos &hellip; <\/p>","protected":false},"author":2,"featured_media":34838,"template":"","meta":{"_tec_requires_first_save":false,"_uag_custom_page_level_css":"","loftloader_page_shortcode":"","_EventAllDay":false,"_EventTimezone":"Europe\/Madrid","_EventStartDate":"2026-09-02 08:00:00","_EventEndDate":"2026-09-27 17:00:00","_EventStartDateUTC":"2026-09-02 06:00:00","_EventEndDateUTC":"2026-09-27 15:00:00","_EventShowMap":false,"_EventShowMapLink":false,"_EventURL":"","_EventCost":"ENTRADA LIBRE","_EventCostDescription":"","_EventCurrencySymbol":"\u20ac","_EventCurrencyCode":"USD","_EventCurrencyPosition":"suffix","_EventDateTimeSeparator":"@","_EventTimeRangeSeparator":"-","_EventOrganizerID":[],"_EventVenueID":[],"_OrganizerEmail":"","_OrganizerPhone":"","_OrganizerWebsite":"","_VenueAddress":"","_VenueCity":"","_VenueCountry":"","_VenueProvince":"","_VenueState":"","_VenueZip":"","_VenuePhone":"","_VenueURL":"","_VenueStateProvince":"","_VenueLat":"","_VenueLng":"","_VenueShowMap":false,"_VenueShowMapLink":false,"_tribe_blocks_recurrence_rules":"","_tribe_blocks_recurrence_description":"","_tribe_blocks_recurrence_exclusions":"","_ecp_custom_2":"","_tribe_events_status":"","_tribe_events_status_reason":"","_tribe_events_is_hybrid":"","_tribe_events_is_virtual":"","_tribe_events_virtual_video_source":"","_tribe_events_virtual_embed_video":"","_tribe_events_virtual_linked_button_text":"","_tribe_events_virtual_linked_button":"","_tribe_events_virtual_show_embed_at":"","_tribe_events_virtual_show_embed_to":[],"_tribe_events_virtual_show_on_event":"","_tribe_events_virtual_show_on_views":"","_tribe_events_virtual_url":"","footnotes":""},"tags":[18862,18860,18863,12551,18757,18858,18859,18861],"tribe_events_cat":[8965],"class_list":["post-34837","tribe_events","type-tribe_events","status-publish","has-post-thumbnail","hentry","tag-arte-digital","tag-begona-robledo-casal","tag-collages-digitales","tag-exposicion-3","tag-exposicion-gratuita","tag-exposicion-madrid-2","tag-exposicion-malasana","tag-las-manos","tribe_events_cat-exposicion","cat_exposicion"],"uagb_featured_image_src":{"full":["https:\/\/www.cafelapalma.com\/wp-content\/uploads\/2026\/09\/poster-expo-manos.jpg",2480,3508,false],"thumbnail":["https:\/\/www.cafelapalma.com\/wp-content\/uploads\/2026\/09\/poster-expo-manos-150x150.jpg",150,150,true],"medium":["https:\/\/www.cafelapalma.com\/wp-content\/uploads\/2026\/09\/poster-expo-manos-212x300.jpg",212,300,true],"medium_large":["https:\/\/www.cafelapalma.com\/wp-content\/uploads\/2026\/09\/poster-expo-manos-768x1086.jpg",768,1086,true],"large":["https:\/\/www.cafelapalma.com\/wp-content\/uploads\/2026\/09\/poster-expo-manos-735x1040.jpg",735,1040,true],"1536x1536":["https:\/\/www.cafelapalma.com\/wp-content\/uploads\/2026\/09\/poster-expo-manos-1086x1536.jpg",1086,1536,true],"2048x2048":["https:\/\/www.cafelapalma.com\/wp-content\/uploads\/2026\/09\/poster-expo-manos-1448x2048.jpg",1448,2048,true],"trp-custom-language-flag":["https:\/\/www.cafelapalma.com\/wp-content\/uploads\/2026\/09\/poster-expo-manos-8x12.jpg",8,12,true],"blossom-feminine-slider":["https:\/\/www.cafelapalma.com\/wp-content\/uploads\/2026\/09\/poster-expo-manos-1920x649.jpg",1920,649,true],"blossom-feminine-featured":["https:\/\/www.cafelapalma.com\/wp-content\/uploads\/2026\/09\/poster-expo-manos-1410x600.jpg",1410,600,true],"blossom-feminine-with-sidebar":["https:\/\/www.cafelapalma.com\/wp-content\/uploads\/2026\/09\/poster-expo-manos-1020x600.jpg",1020,600,true],"blossom-feminine-blog":["https:\/\/www.cafelapalma.com\/wp-content\/uploads\/2026\/09\/poster-expo-manos-435x435.jpg",435,435,true],"blossom-feminine-cat":["https:\/\/www.cafelapalma.com\/wp-content\/uploads\/2026\/09\/poster-expo-manos-450x300.jpg",450,300,true],"blossom-feminine-related":["https:\/\/www.cafelapalma.com\/wp-content\/uploads\/2026\/09\/poster-expo-manos-320x200.jpg",320,200,true],"blossom-feminine-schema":["https:\/\/www.cafelapalma.com\/wp-content\/uploads\/2026\/09\/poster-expo-manos-42x60.jpg",42,60,true]},"uagb_author_info":{"display_name":"Victor","author_link":"https:\/\/www.cafelapalma.com\/en\/author\/comunicacion\/"},"uagb_comment_info":0,"uagb_excerpt":"Bego\u00f1a Robledo Casal, nacida en Madrid en 1998, es una artista que lleva quince a\u00f1os trabajando en sus propios proyectos visuales y literarios. Ambas facetas se retroalimentan para crear un mundo cada vez m\u00e1s lleno de significantes aislados. La mayor parte su producci\u00f3n, como un iceberg, no sale a la luz por decisi\u00f3n propia. Algunos&hellip;","_links":{"self":[{"href":"https:\/\/www.cafelapalma.com\/en\/wp-json\/wp\/v2\/tribe_events\/34837","targetHints":{"allow":["GET"]}}],"collection":[{"href":"https:\/\/www.cafelapalma.com\/en\/wp-json\/wp\/v2\/tribe_events"}],"about":[{"href":"https:\/\/www.cafelapalma.com\/en\/wp-json\/wp\/v2\/types\/tribe_events"}],"author":[{"embeddable":true,"href":"https:\/\/www.cafelapalma.com\/en\/wp-json\/wp\/v2\/users\/2"}],"version-history":[{"count":0,"href":"https:\/\/www.cafelapalma.com\/en\/wp-json\/wp\/v2\/tribe_events\/34837\/revisions"}],"wp:featuredmedia":[{"embeddable":true,"href":"https:\/\/www.cafelapalma.com\/en\/wp-json\/wp\/v2\/media\/34838"}],"wp:attachment":[{"href":"https:\/\/www.cafelapalma.com\/en\/wp-json\/wp\/v2\/media?parent=34837"}],"wp:term":[{"taxonomy":"post_tag","embeddable":true,"href":"https:\/\/www.cafelapalma.com\/en\/wp-json\/wp\/v2\/tags?post=34837"},{"taxonomy":"tribe_events_cat","embeddable":true,"href":"https:\/\/www.cafelapalma.com\/en\/wp-json\/wp\/v2\/tribe_events_cat?post=34837"}],"curies":[{"name":"wp","href":"https:\/\/api.w.org\/{rel}","templated":true}]}}